{"id":23969,"date":"2023-07-14T09:44:31","date_gmt":"2023-07-14T07:44:31","guid":{"rendered":"https:\/\/www.milesi.com\/?page_id=23969"},"modified":"2023-07-14T09:44:32","modified_gmt":"2023-07-14T07:44:32","slug":"descargo-de-responsabilidad-de-privacidad","status":"publish","type":"page","link":"https:\/\/www.milesi.com\/es\/descargo-de-responsabilidad-de-privacidad\/","title":{"rendered":"Descargo de responsabilidad de privacidad"},"content":{"rendered":"\n<p id=\"tw-target-text\">\u00daltima Fecha de Actualizaci\u00f3n: 25-5-2018<\/p>\n\n\n\n<p><strong>POL\u00cdTICA DE PRIVACIDAD A TENOR DEL ART\u00cdCULO 13 DEL REGLAMENTO UE 2016\/679<\/strong><\/p>\n\n\n\n<p>Con la presente pol\u00edtica de privacidad IVM Chemicals S.R.L. a tenor del art\u00edculo 4 del Reglamento UE 2016\/679 en materia de protecci\u00f3n de personas f\u00edsicas concerniente al tratamiento de datos personales, as\u00ed como a la libre circulaci\u00f3n de dichos datos (a continuaci\u00f3n, el &#8220;Reglamento UE&#8221;), desea informar a todos los que visitan este sitio web sobre la modalidad de tratamiento de los correspondientes datos personales.<\/p>\n\n\n\n<p><strong>Definicione<\/strong><strong>s<\/strong><\/p>\n\n\n\n<p>Por &#8220;dato personal&#8221; (seg\u00fan el art\u00edculo 4, n\u00famero 1, del Reglamento UE 2016\/679) se entiende cualquier informaci\u00f3n concerniente a una persona f\u00edsica identificada o identificable (&#8220;interesado&#8221;); se considera identificable una persona f\u00edsica que puede ser identificada, directa o indirectamente, en particular mediante un dato de identificaci\u00f3n como nombre, n\u00famero de identificaci\u00f3n, datos de ubicaci\u00f3n, identificativo en l\u00ednea o bien uno o varios elementos caracter\u00edsticos de su identidad f\u00edsica, fisiol\u00f3gica, gen\u00e9tica, ps\u00edquica, econ\u00f3mica, cultural o social;<\/p>\n\n\n\n<p>Por &#8220;tratamiento&#8221; (seg\u00fan el art\u00edculo 4, n\u00famero 2, del Reglamento UE 2016\/679) se entiende cualquier operaci\u00f3n o conjunto de operaciones, llevadas a cabo con o sin la ayuda de procesos automatizados y aplicadas a datos personales o conjuntos de datos personales, como recolecci\u00f3n, registro, organizaci\u00f3n, estructuraci\u00f3n, conservaci\u00f3n, adaptaci\u00f3n o modificaci\u00f3n, extracci\u00f3n, consulta, uso, comunicaci\u00f3n mediante transmisi\u00f3n, difusi\u00f3n o cualquier otra forma de puesta a disposici\u00f3n, comparaci\u00f3n o interconexi\u00f3n, restricci\u00f3n, eliminaci\u00f3n o destrucci\u00f3n;<\/p>\n\n\n\n<p><strong>\u00bfQui\u00e9n es el Titular del Tratamiento? \u00bfC\u00f3mo puedo contactarlo?<\/strong><\/p>\n\n\n\n<p>Raz\u00f3n Social: IVM Chemicals SRL<\/p>\n\n\n\n<p>Direcci\u00f3n de la sede legal: Via T. Tasso, n. 10, 20123 Mil\u00e1n (Mil\u00e1n) &#8211; Italia<\/p>\n\n\n\n<p>Direcci\u00f3n de la sede operativa: Viale della Stazione, n. 3, 27020 Parona (Pav\u00eda) &#8211; Italia<\/p>\n\n\n\n<p>N\u00famero de tel\u00e9fono: +39 0384 25441<\/p>\n\n\n\n<p>E-mail: privacy@ivmchemicals.com<\/p>\n\n\n\n<p><strong>Tratamiento de datos de clientes y de la p\u00e1gina de contactos<\/strong><\/p>\n\n\n\n<p><strong>Datos personales obtenidos<\/strong><\/p>\n\n\n\n<p>Los datos personales obtenidos se refieren esencialmente a:<\/p>\n\n\n\n<ul class=\"wp-block-list\">\n<li>Datos de identificaci\u00f3n (raz\u00f3n o denominaci\u00f3n social -empresas-, o nombre y apellido -personas f\u00edsicas-, direcci\u00f3n de la sede, tel\u00e9fono, fax, e-mail, datos de identificaci\u00f3n fiscal, etc.);<\/li>\n\n\n\n<li>Datos correspondientes a relaciones jur\u00eddicas vigentes. Los suministra el interesado (en su acepci\u00f3n m\u00e1s amplia) directamente;<\/li>\n<\/ul>\n\n\n\n<p><strong>Finalidades del tratamiento<\/strong><\/p>\n\n\n\n<p>Las finalidades del tratamiento de los datos personales son las siguientes:<\/p>\n\n\n\n<ol class=\"wp-block-list\">\n<li>cumplimiento de obligaciones establecidas por la ley, reglamentos, normativa comunitaria o por disposiciones impartidas por Autoridades y Organismos de Vigilancia y Control (por ejemplo, Organismo de Vigilancia para la responsabilidad administrativa de Entidades, blanqueo de dinero) en materia o conexos con la relaci\u00f3n jur\u00eddica vigente y\/o futura.<\/li>\n\n\n\n<li>ejecuci\u00f3n, gesti\u00f3n organizativa de contratos, incluso con referencia a acuerdos preliminares, vigentes o de acuerdos o de \u00f3rdenes\/pedidos y, por ende, instauraci\u00f3n, gesti\u00f3n y ejecuci\u00f3n de relaciones con el interesado (por ejemplo, ejecuci\u00f3n de operaciones en base a las obligaciones que se derivan del contrato pactado con el interesado);<\/li>\n\n\n\n<li>hacer valer y defender sus propios derechos, incluso con relaci\u00f3n a fraudes o recuperaci\u00f3n de cr\u00e9ditos;<\/li>\n\n\n\n<li>eventuales colaboraciones profesionales externas para el cumplimiento de las obligaciones impuestas por la ley;<\/li>\n\n\n\n<li>an\u00e1lisis estad\u00edsticos internos de forma agregada;<\/li>\n\n\n\n<li>por lo que concierne a los datos recolectados mediante la p\u00e1gina de contactos, con respecto a clientes, pero tambi\u00e9n a no clientes,IVM Chemicals SRL trata los datos del interesado a trav\u00e9s de instrumentos electr\u00f3nicos y, en su caso, de documentos de papel para responder a solicitudes o pedidos que nos elevaran, resolver problemas relativos a nuestros bienes y recibir consejos \u00fatiles paa mejorar nuestra oferta.<\/li>\n<\/ol>\n\n\n\n<p>Que sigue se especifican para cada una de las susodichas finalidades la base jur\u00eddica, las categor\u00edas de datos, las categor\u00edas de datos personales y el correspondiente per\u00edodo de conservaci\u00f3n:<\/p>\n\n\n\n<ul class=\"wp-block-list\">\n<li><strong>Finalidad 1<\/strong>\n<ul class=\"wp-block-list\">\n<li>Base jur\u00eddica del tratamiento\n<ul class=\"wp-block-list\">\n<li>Obligaci\u00f3n impuesta por la ley<\/li>\n<\/ul>\n<\/li>\n\n\n\n<li>Categor\u00edas de datos personales objeto de tratamiento\n<ul class=\"wp-block-list\">\n<li>Datos de identificaci\u00f3n<\/li>\n\n\n\n<li>Datos personales<\/li>\n<\/ul>\n<\/li>\n\n\n\n<li>Per\u00edodo de conservaci\u00f3n de los datos personales\n<ul class=\"wp-block-list\">\n<li>Hasta la expiraci\u00f3n de la relaci\u00f3n contractual y, luego, por un periodo adicional de 10 a\u00f1os<\/li>\n<\/ul>\n<\/li>\n<\/ul>\n<\/li>\n\n\n\n<li><strong>Finalidad 2<\/strong>\n<ul class=\"wp-block-list\">\n<li>Base jur\u00eddica del tratamiento\n<ul class=\"wp-block-list\">\n<li>Contrato<\/li>\n<\/ul>\n<\/li>\n\n\n\n<li>Categor\u00edas de datos personales objeto de tratamiento\n<ul class=\"wp-block-list\">\n<li>Datos de identificaci\u00f3n<\/li>\n\n\n\n<li>Datos personales<\/li>\n<\/ul>\n<\/li>\n\n\n\n<li>Per\u00edodo de conservaci\u00f3n de los datos personales\n<ul class=\"wp-block-list\">\n<li>Hasta la expiraci\u00f3n de la relaci\u00f3n contractual y, luego, por un periodo adicional de 10 a\u00f1os<\/li>\n<\/ul>\n<\/li>\n<\/ul>\n<\/li>\n\n\n\n<li><strong>Finalidad 3<\/strong>\n<ul class=\"wp-block-list\">\n<li>Base jur\u00eddica del tratamiento\n<ul class=\"wp-block-list\">\n<li>Leg\u00edtimo inter\u00e9sC. 47:<br>Relaci\u00f3n comercial entre el titular y el interesado<\/li>\n<\/ul>\n<\/li>\n\n\n\n<li>Categor\u00edas de datos personales objeto de tratamiento\n<ul class=\"wp-block-list\">\n<li>Datos de identificaci\u00f3n<\/li>\n\n\n\n<li>Datos personales<\/li>\n<\/ul>\n<\/li>\n\n\n\n<li>Per\u00edodo de conservaci\u00f3n de los datos personales\n<ul class=\"wp-block-list\">\n<li>Seg\u00fan los plazos de prescripci\u00f3n establecidos por la ley<\/li>\n<\/ul>\n<\/li>\n<\/ul>\n<\/li>\n\n\n\n<li><strong>Finalidad 4<\/strong>\n<ul class=\"wp-block-list\">\n<li>Base jur\u00eddica del tratamiento\n<ul class=\"wp-block-list\">\n<li>Leg\u00edtimo inter\u00e9sC. 47:<br>Relaci\u00f3n comercial entre el titular y el interesado<\/li>\n<\/ul>\n<\/li>\n\n\n\n<li>Categor\u00edas de datos personales objeto de tratamiento\n<ul class=\"wp-block-list\">\n<li>Datos de identificaci\u00f3n<\/li>\n\n\n\n<li>Datos personales<\/li>\n<\/ul>\n<\/li>\n\n\n\n<li>Per\u00edodo de conservaci\u00f3n de los datos personales\n<ul class=\"wp-block-list\">\n<li>Hasta la expiraci\u00f3n de la relaci\u00f3n contractual y, luego, por un periodo adicional de 10 a\u00f1os<\/li>\n<\/ul>\n<\/li>\n<\/ul>\n<\/li>\n\n\n\n<li><strong>Finalidad 5<\/strong>\n<ul class=\"wp-block-list\">\n<li>Base jur\u00eddica del tratamiento\n<ul class=\"wp-block-list\">\n<li>Leg\u00edtimo inter\u00e9sC. 47:<br>Relaci\u00f3n comercial entre el titular y el interesado<\/li>\n<\/ul>\n<\/li>\n\n\n\n<li>Categor\u00edas de datos personales objeto de tratamiento\n<ul class=\"wp-block-list\">\n<li>Datos de identificaci\u00f3n<\/li>\n\n\n\n<li>Datos personales<\/li>\n<\/ul>\n<\/li>\n\n\n\n<li>Per\u00edodo de conservaci\u00f3n de los datos personales\n<ul class=\"wp-block-list\">\n<li>10 a\u00f1os, excepto transformaci\u00f3n de forma an\u00f3nima.<\/li>\n<\/ul>\n<\/li>\n<\/ul>\n<\/li>\n\n\n\n<li><strong>Finalidad 6<\/strong>\n<ul class=\"wp-block-list\">\n<li>Base jur\u00eddica del tratamiento\n<ul class=\"wp-block-list\">\n<li>Consentimiento<\/li>\n<\/ul>\n<\/li>\n\n\n\n<li>Categor\u00edas de datos personales objeto de tratamiento\n<ul class=\"wp-block-list\">\n<li>Datos de identificaci\u00f3n<\/li>\n<\/ul>\n<\/li>\n\n\n\n<li>Per\u00edodo de conservaci\u00f3n de los datos personales\n<ul class=\"wp-block-list\">\n<li>Hasta 10 a\u00f1os a partir de la fecha de solicitud<\/li>\n<\/ul>\n<\/li>\n<\/ul>\n<\/li>\n<\/ul>\n\n\n\n<p id=\"tw-target-text\">Para todos los finalidades anteriores, la categor\u00eda de destinatarios es la misma y se describe a continuaci\u00f3n*.<\/p>\n\n\n\n<p><strong>*Categor\u00edas de destinatarios<\/strong><\/p>\n\n\n\n<p>Por lo que concierne a las finalidades indicadas, los datos podr\u00e1n ser comunicados a los siguientes sujetos y\/o a las categor\u00edas de sujetos especificados abajo, o podr\u00e1n ser comunicados a sociedades y\/o personas, en los pa\u00edses de la UE, que prestan servicios, incluso externos, por cuenta del Titular. Entre \u00e9stos** se indican, a los efectos de mayor claridad y a t\u00edtulo puramente ejemplificador, pero no exhaustivo, su diferente tipo:<\/p>\n\n\n\n<ul class=\"wp-block-list\">\n<li>Asesores en materia de contabilidad<\/li>\n\n\n\n<li>Sociedades de servicios en tecnolog\u00eda de la informaci\u00f3n;<\/li>\n\n\n\n<li>Organismos de control y vigilancia.<\/li>\n<\/ul>\n\n\n\n<p>(**)<em>&nbsp;el listado de los Destinatarios\/Responsables externos, que incluye otros datos \u00fatiles para la identificaci\u00f3n est\u00e1 disponible en la sede del Titular del tratamiento de datos personales.<\/em><\/p>\n\n\n\n<p><strong>Transferencia de datos a un tercer pa\u00eds fuera de la UE<\/strong><\/p>\n\n\n\n<p>IVM Chemicals SRL no efect\u00faa transferencias de datos personales fuera del \u00e1mbito territorial de la UE.<\/p>\n\n\n\n<p><strong>Periodo de conservaci\u00f3n<\/strong><\/p>\n\n\n\n<p>Ver <strong>Finalidades del tratamiento<\/strong>.<\/p>\n\n\n\n<h3 class=\"wp-block-heading\">Derechos del interesado<\/h3>\n\n\n\n<p>El interesado, por lo que concierne a los datos personales objeto de la presente informativa, podr\u00e1 ejercer los derechos establecidos en el Reglamento UE que se indican a continuaci\u00f3n:<\/p>\n\n\n\n<ul class=\"wp-block-list\">\n<li>derecho de acceso del interesado [art\u00edculo 15 del Reglamento UE];<\/li>\n\n\n\n<li>derecho de rectificaci\u00f3n de los Datos Personales [art\u00edculo 16 del Reglamento UE];<\/li>\n\n\n\n<li>derecho de eliminar sus Datos Personales sin demora injustificada (\u00abderecho al olvido\u00bb) [art\u00edculo 17 del Reglamento UE];<\/li>\n\n\n\n<li>derecho de restricci\u00f3n de tratamiento de sus Datos Personales [art\u00edculo 18 del Reglamento UE];<\/li>\n\n\n\n<li>derecho de portabilidad de los datos [art\u00edculo 20 del Reglamento UE];<\/li>\n\n\n\n<li>derecho de oposici\u00f3n al tratamiento de sus propios Datos Personales [art\u00edculo 21 del Reglamento UE];<\/li>\n\n\n\n<li>derecho de no ser sometido a procesos decisionales automatizados [art\u00edculo 22 del Reglamento UE].<\/li>\n<\/ul>\n\n\n\n<p>Dichos derechos pueden ser ejercidos seg\u00fan lo establecido en el Reglamento enviando un email a [privacy@ivmchemicals.com].<\/p>\n\n\n\n<p>IVM Chemicals SRL, a tenor del art\u00edculo 19 del Reglamento UE, procede, de ser posible, a informar a los destinatarios a los cuales han sido comunicados los datos personales, las eventuales rectificaciones, eliminaciones o restricciones del tratamiento solicitadas.<\/p>\n\n\n\n<p>En el caso que la finalidad del tratamiento perseguida por IVM Chemicals SRL tenga como base jur\u00eddica el consentimiento, el interesado tiene la facultad de proceder, en cualquier momento, con la revocaci\u00f3n enviando un email a&nbsp;[privacy@ivmchemicals.com]. A tenor del art\u00edculo 7 del Reglamento UE, la revocaci\u00f3n del consentimiento no conlleva perjuicio de la licitud del tratamiento basada en el consentimiento efectuado antes de la revocaci\u00f3n.<\/p>\n\n\n\n<p>El interesado, en el caso que considerara que sus derechos hayan sido menoscabados, tiene el derecho de proponer reclamaci\u00f3n ante la Autoridad Garante.<\/p>\n\n\n\n<p>Para mayor informaci\u00f3n sobre derechos y ejercicio de estos \u00faltimos, consultar el cap\u00edtulo&nbsp;<strong>Derechos del interesado<\/strong><\/p>\n\n\n\n<p><strong>Otorgamiento obligatorio de datos personales<\/strong><\/p>\n\n\n\n<p>Se informa que en el caso que las finalidades de tratamiento tengan como base jur\u00eddica una obligaci\u00f3n legal o contractual (o bien precontractual), el interesado debe suministrar obligatoriamente los datos que le fueran solicitados.<\/p>\n\n\n\n<p>Si no lo hiciera, el Titular no podr\u00e1 proceder con el perseguimiento de las finalidades del tratamiento.<\/p>\n\n\n\n<p><strong>La Sociedad no utiliza ning\u00fan proceso decisional automatizado.<\/strong><\/p>\n\n\n\n<p><strong>Modalidades de tratamiento<\/strong><\/p>\n\n\n\n<p>Los datos personales ser\u00e1n tratados usando documentos de papel, de manera informatizada y telem\u00e1tica y ser\u00e1n ingresados en los pertinentes bancos de datos (clientes, usuarios, etc.) a los cuales podr\u00e1 acceder y, por ende, tener conocimiento, el personal designado expresamente al tal efecto por el Titular, por ejemplo responsables y encargados del tratamiento de datos personales, que podr\u00e1n efectuar operaciones de consulta, uso, elaboraci\u00f3n, comparaci\u00f3n y toda oportuna operaci\u00f3n, incluso automatizada, en el \u00e1mbito del respeto de las disposiciones legales necesarias para garantizar, entre otras cosas, reserva y seguridad de los datos, as\u00ed como exactitud y pertinencia de los datos con respecto a las finalidades declaradas.<\/p>\n\n\n\n<p><strong>Tratamiento de los datos \u00fatiles para la navegaci\u00f3n<\/strong><\/p>\n\n\n\n<p>Los sistemas inform\u00e1ticos y los procedimientos software para el funcionamiento de este sitio web adquieren, en el curso de su normal ejercicio, algunos datos personales cuya transmisi\u00f3n est\u00e1 impl\u00edcita en el uso de los protocolos de comunicaci\u00f3n de Internet.<\/p>\n\n\n\n<p>Se trata de datos que non se recogen para ser asociados a interesados identificados, sino que por su naturaleza podr\u00edan, a trav\u00e9s de elaboraciones y asociaciones con datos detenidos por terceros, permitir identificar a los usuarios.<br>Entre los datos que pueden ser recolectados cabe citar direcciones IP, tipo de navegador o sistema operativo utilizado, direcciones en notaci\u00f3n URI (<em>Uniform Resource Identifier<\/em>), nombre del dominio y direcciones de los sitios Web desde los cuales ha sido efectuado el acceso o la salida (<em>referring\/exit pages<\/em>), horario de ejecuci\u00f3n de la solicitud al servidor, m\u00e9todo empleado e informaci\u00f3n sobre la respuesta obtenida, datos adicionales sobre la navegaci\u00f3n del usuario en el sitio (ver tambi\u00e9n la secci\u00f3n correspondiente a cookies) y otros par\u00e1metros concernientes al sistema operativo y al ambiente inform\u00e1tico del usuario.<\/p>\n\n\n\n<p>Adem\u00e1s, estos mismos datos podr\u00edan ser utilizados para identificar y constatar las responsabilidades en caso de delitos inform\u00e1ticos en perjuicio del sitio.<\/p>\n\n\n\n<p><strong>Aviso concerniente a menores de 16 a\u00f1os<\/strong><\/p>\n\n\n\n<p>Los menores de 16 a\u00f1os no pueden suministrar datos personales. IVM Chemicals SRL no se asume ninguna responsabilidad en caso de recolecci\u00f3n de datos personales, as\u00ed como de declaraciones falsas, suministradas por un menor de edad y, como quiera que sea, en el caso que se identificara su uso, IVM Chemicals SRL facilitar\u00e1 el derecho de acceso y de eliminaci\u00f3n enviado por parte del tutor legal o de la persona que ejerce la patria potestad.<\/p>\n\n\n\n<p><strong>Ejercicio de los derechos del interesado<\/strong><\/p>\n\n\n\n<p>El interesado, por lo que concierne a los datos personales objeto de la presente informativa, tiene la facultad de ejercer los derechos establecidos en el Reglamento UE y listados a continuaci\u00f3n:<\/p>\n\n\n\n<ul class=\"wp-block-list\">\n<li><strong>Derecho de acceso del interesado [art\u00edculo 15 del Reglamento UE]:<\/strong>&nbsp;el interesado tiene derecho de obtener del titular una confirmaci\u00f3n que est\u00e1 en curso un tratamiento de sus datos personales y, en ese caso, el acceso a los datos expresamente previstos en el citado art\u00edculo, entre los cuales, a t\u00edtulo ejemplificador y no exhaustivo, las finalidades del tratamiento, las categor\u00edas de los datos y los destinatarios, el per\u00edodo de conservaci\u00f3n, la existencia del derecho de eliminaci\u00f3n, rectificaci\u00f3n o restricci\u00f3n, el derecho de proponer reclamaci\u00f3n, toda la informaci\u00f3n disponible sobre el origen de los datos, la eventual existencia de un proceso decisional automatizado a tenor del art\u00edculo 22 del Reglamento, as\u00ed como una copia de sus datos personales.<\/li>\n\n\n\n<li><strong>Derecho de rectificaci\u00f3n [art\u00edculo 16 del Reglamento UE]:<\/strong>&nbsp;el interesado tiene derecho de obtener del titular la rectificaci\u00f3n y\/o la integraci\u00f3n de sus datos personales inexactos, sin demora injustificada;<\/li>\n\n\n\n<li><strong>Derecho de eliminaci\u00f3n (&#8220;derecho al olvido&#8221;) [art\u00edculo 17 del Reglamento UE]:<\/strong>&nbsp;el interesado tiene derecho de eliminar sus datos personales sin demora injustificada, en caso de hallarse ante uno de los motivos expresamente previstos en el art\u00edculo citado, entre los cuales, a t\u00edtulo ejemplificador y no exhaustivo, la desaparici\u00f3n de la necesidad del tratamiento con respecto a las finalidades, la revocaci\u00f3n del consentimiento en el cual se basa el tratamiento, oposici\u00f3n al tratamiento en el caso que se fundamente en el inter\u00e9s leg\u00edtimo no predominante, tratamiento il\u00edcito de los datos, eliminaci\u00f3n por obligaciones impuestas por la ley, datos de menores de edad tratados sin las condiciones de aplicabilidad seg\u00fan el art\u00edculo 8 del Reglamento;<\/li>\n\n\n\n<li><strong>Derecho de restricci\u00f3n de tratamiento [art\u00edculo18 del Reglamento UE]:<\/strong>&nbsp;en los casos establecidos en el art\u00edculo 18, entre los cuales tratamiento il\u00edcito, objeci\u00f3n de la exactitud de los datos, oposici\u00f3n del interesado y desaparici\u00f3n de la necesidad de tratamiento por parte del titular, los datos del interesado deben ser tratados \u00fanicamente para la conservaci\u00f3n excepto en caso de consentimiento del mismo y los dem\u00e1s casos contemplados expresamente en el citado art\u00edculo;<\/li>\n\n\n\n<li><strong>Derecho de portabilidad de los datos [art\u00edculo 20 del Reglamento UE]:<\/strong>&nbsp;el interesado, en los casos que el tratamiento se base en el consentimiento y el contrato y se efect\u00fae con medios automatizados, podr\u00e1 solicitar recibir sus datos personales con un formato estructurado, de uso com\u00fan y legible por un dispositivo autom\u00e1tico, y tiene derecho de transmitirlos a otro titular;<\/li>\n\n\n\n<li><strong>Derecho de oposici\u00f3n [art\u00edculo 21 del Reglamento UE]:<\/strong>&nbsp;el interesado tiene derecho de oponerse al tratamiento de sus datos personales, si el tratamiento se fundamentara en inter\u00e9s leg\u00edtimo no predominante o fuera efectuado para finalidades de marketing directo;<\/li>\n\n\n\n<li><strong>Derecho de no ser sometido a procesos decisionales automatizados [art\u00edculo 22 del Reglamento UE]:<\/strong>&nbsp;el interesado tiene derecho de no ser sometido a una decisi\u00f3n, incluida la creaci\u00f3n del perfil en base exclusivamente al tratamiento automatizado (desarrollada, por ejemplo, exclusivamente mediante instrumentos electr\u00f3nicos o programas inform\u00e1ticos).<\/li>\n<\/ul>\n\n\n\n<p>La descripci\u00f3n anterior no reemplaza el texto de los art\u00edculos en ella citados que aqu\u00ed se refieren en su totalidad y que se remite a la lectura completa de los art\u00edculos <strong>Referencias normativas sobre los derechos del interesado<\/strong><\/p>\n\n\n\n<p><strong>Derecho de proponer reclamaci\u00f3n<\/strong><\/p>\n\n\n\n<p>El interesado, si tuviera que considerar que fueron comprometidos sus derechos, tiene derecho de proponer reclamaci\u00f3n a la Autoridad Garante para la protecci\u00f3n de datos personales, seg\u00fan las modalidades especificadas por la misma Autoridad a la siguiente direcci\u00f3n internet:<\/p>\n\n\n\n<p><a href=\"http:\/\/www.garanteprivacy.it\/web\/guest\/home\/docweb\/-\/docweb-display\/docweb\/4535524\">http:\/\/www.garanteprivacy.it\/web\/guest\/home\/docweb\/-\/docweb-display\/docweb\/4535524<\/a>.<\/p>\n\n\n\n<p>Para una descripci\u00f3n m\u00e1s detallada de los derechos de los interesados previstos por el Garante, consultar <strong>Referencias normativas sobre derechos del interesado<\/strong>.<\/p>\n\n\n\n<p><strong>Modificaciones y actualizaciones<\/strong><\/p>\n\n\n\n<p>La presente informativa contiene, en su encabezamiento, la fecha de su \u00faltima actualizaci\u00f3n.<\/p>\n\n\n\n<p>IVM Chemicals SRL, adem\u00e1s, podr\u00eda aportar modificaciones e\/o integraciones a dicha pol\u00edtica de privacidad incluso como consecuencia de eventuales y posteriores modificaciones e\/o integraciones normativas.<\/p>\n\n\n\n<p><strong>Referencias normativas sobre los derechos del interesado<\/strong><\/p>\n\n\n\n<p><strong>Art\u00edculo 15<\/strong><\/p>\n\n\n\n<p><strong>Derecho de acceso del interesado<\/strong><\/p>\n\n\n\n<ol class=\"wp-block-list\">\n<li>El interesado tiene derecho de obtener del titular del tratamiento la confirmaci\u00f3n que est\u00e1 en curso un tratamiento de datos personales que lo afectan y en ese caso obtener el acceso a los datos personales y a la siguiente informaci\u00f3n:\n<ol class=\"wp-block-list\">\n<li>finalidades del tratamiento;<\/li>\n\n\n\n<li>categor\u00edas de datos personales en cuesti\u00f3n;<\/li>\n\n\n\n<li>destinatarios o categor\u00edas de destinatarios a los cuales los datos personales han sido o ser\u00e1n comunicados, en particular si se trata de destinatarios de pa\u00edses terceros u organizaciones internacionales;<\/li>\n\n\n\n<li>de ser posible, el per\u00edodo de conservaci\u00f3n de los datos personales previsto o, de no ser posible, los criterios utilizados para determinar ese per\u00edodo;<\/li>\n\n\n\n<li>existencia del derecho del interesado de pedirle al titular del tratamiento la rectificaci\u00f3n o la eliminaci\u00f3n de los datos personales o la restricci\u00f3n del tratamiento de los datos personales que lo afectan u oponerse a su tratamiento;<\/li>\n\n\n\n<li>derecho de proponer reclamaci\u00f3n a una autoridad de control;<\/li>\n\n\n\n<li>si los datos no se hubiesen recogidos del mismo interesado, toda la informaci\u00f3n disponible sobre su origen;<\/li>\n\n\n\n<li>existencia de un proceso decisional automatizado, incluida la creaci\u00f3n del perfil de conformidad con el <a href=\"https:\/\/gdpr-info.eu\/art-22-gdpr\/\" target=\"_blank\" rel=\"noreferrer noopener\">art\u00edculo 22<\/a>, p\u00e1rrafos 1 y 4, y, al menos en esos casos, informaci\u00f3n significativa sobre la l\u00f3gica que se utiliz\u00f3, as\u00ed como la importancia y las consecuencias previstas de tal tratamiento para el interesado.<\/li>\n<\/ol>\n<\/li>\n\n\n\n<li>En el caso que los datos personales sean transferidos a un pa\u00eds o a una organizaci\u00f3n internacional, el interesado tiene derecho de ser informado sobre la existencia de garant\u00edas adecuadas a tenor del <a href=\"https:\/\/gdpr-info.eu\/art-46-gdpr\/\" target=\"_blank\" rel=\"noreferrer noopener\">art\u00edculo 46<\/a> sobre la transferencia.<\/li>\n\n\n\n<li>El titular del tratamiento suministra una copia de los datos personales objeto de tratamiento. En caso de copias adicionales solicitadas por el interesado, el titular del tratamiento puede adeudar un dado importe en concepto de contribuci\u00f3n en base a los costes administrativos. Si el interesado presentara la solicitud mediante medios electr\u00f3nicos, y salvo indicaci\u00f3n contraria por parte del interesado, la informaci\u00f3n se brindar\u00e1 con un formato electr\u00f3nico de uso com\u00fan.<\/li>\n\n\n\n<li>El derecho de obtener una copia de conformidad con el p\u00e1rrafo 3 no debe menoscabar los derechos y las libertades de terceras partes.<\/li>\n<\/ol>\n\n\n\n<p><strong>Art\u00edculo 16<\/strong><\/p>\n\n\n\n<p><strong>Derecho de rectificaci\u00f3n<\/strong><\/p>\n\n\n\n<p>El interesado tiene derecho de obtener del titular del tratamiento la rectificaci\u00f3n de sus datos personales inexactos sin demora injustificada. Teniendo en consideraci\u00f3n las finalidades del tratamiento, el interesado tiene derecho de obtener la integraci\u00f3n de los datos personales incompletos, incluso presentando una declaraci\u00f3n integradora.<\/p>\n\n\n\n<p><strong>Art\u00edculo 17<\/strong><\/p>\n\n\n\n<p><strong>Derecho de eliminaci\u00f3n (&#8220;derecho al olvido&#8221;)<\/strong><\/p>\n\n\n\n<ol class=\"wp-block-list\">\n<li>El interesado tiene derecho de obtener del titular del tratamiento la eliminaci\u00f3n de sus datos personales sin demora injustificada y el titular del tratamiento est\u00e1 obligado a eliminar sin demora injustificada dichos datos personales, en caso de existir uno de los siguientes motivos:\n<ol class=\"wp-block-list\">\n<li>datos personales ya no necesarios para las finalidades para las cuales fueron recolectados o tratados;<\/li>\n\n\n\n<li>el interesado revoca el consentimiento sobre el cual se basa el tratamiento de conformidad con el art\u00edculo 6, p\u00e1rrafo 1, letra a) o con el art\u00edculo 9, p\u00e1rrafo 2, letra a), y si no hay otro fundamento jur\u00eddico para el tratamiento;<\/li>\n\n\n\n<li>el interesado se opone al tratamiento a tenor del art\u00edculo 21, p\u00e1rrafo 1, y no hay ning\u00fan motivo leg\u00edtimo predominante para proceder al tratamiento, o se opone al tratamiento a tenor del art\u00edculo 21, p\u00e1rrafo 2;<\/li>\n\n\n\n<li>los datos personales han sido tratados il\u00edcitamente;<\/li>\n\n\n\n<li>los datos personales deben ser eliminados para cumplir con una obligaci\u00f3n legal prevista por el derecho de la Uni\u00f3n o del Estado miembro al cual est\u00e1 sujeto el titular del tratamiento;<\/li>\n\n\n\n<li>los datos personales han sido recolectados con relaci\u00f3n a la oferta de servicios de la sociedad de la informaci\u00f3n seg\u00fan el art\u00edculo 8, p\u00e1rrafo 1.<\/li>\n<\/ol>\n<\/li>\n\n\n\n<li>El titular del tratamiento, si ha convertido en p\u00fablicos datos personales y est\u00e1 obligado, con arreglo al p\u00e1rrafo 1, a eliminarlos, teniendo en cuenta la tecnolog\u00eda disponible y los costes de actuaci\u00f3n adopta las medidas razonables, incluso t\u00e9cnicas para informar a los titulares del tratamiento que est\u00e1n tratando los datos personales de la solicitud del interesado de anular todo enlace, copia o reproducci\u00f3n de sus datos personales.<\/li>\n\n\n\n<li>Los p\u00e1rrafos 1 y 2 no se aplican en la medida que el tratamiento sea necesario:\n<ol class=\"wp-block-list\">\n<li>para el ejercicio del derecho a la libertad de expresi\u00f3n y de informaci\u00f3n;<\/li>\n\n\n\n<li>para el cumplimiento de una obligaci\u00f3n legal que exige el tratamiento previsto por el derecho de la Uni\u00f3n o del Estado miembro al cual est\u00e1 sujeto el titular del tratamiento o para la ejecuci\u00f3n de una operaci\u00f3n desarrollada en el inter\u00e9s p\u00fablico o en el ejercicio de poderes p\u00fablicos de los cuales est\u00e1 investido el titular del tratamiento;<\/li>\n\n\n\n<li>por motivos de inter\u00e9s p\u00fablico en el sector de la sanidad p\u00fablica de conformidad con el art\u00edculo 9, p\u00e1rrafo 2, letra h) e i), y con el art\u00edculo 9, p\u00e1rrafo 3;<\/li>\n\n\n\n<li>para fines de archivo en el inter\u00e9s p\u00fablico, de investigaci\u00f3n cient\u00edfica o hist\u00f3rica o para objetivos estad\u00edsticos de conformidad con el art\u00edculo 89, p\u00e1rrafo 1, en la medida que el derecho expresado en el p\u00e1rrafo 1 corra el riesgo de volver imposible o perjudicar gravemente el conseguimiento de los objetivos de ese tratamiento; o<\/li>\n\n\n\n<li>para la verificaci\u00f3n, el ejercicio o la defensa de un derecho en sede judicial.<\/li>\n<\/ol>\n<\/li>\n<\/ol>\n\n\n\n<p><strong>Art\u00edculo 18<\/strong><\/p>\n\n\n\n<p><strong>Derecho de restricci\u00f3n de tratamiento<\/strong><\/p>\n\n\n\n<ol class=\"wp-block-list\">\n<li>El interesado tiene derecho de obtener del titular del tratamiento la restricci\u00f3n del tratamiento si est\u00e1 en presencia de una de las siguientes condiciones:\n<ol class=\"wp-block-list\">\n<li>el interesado objeta la exactitud de los datos personales, por el per\u00edodo necesario al titular del tratamiento para verificar la exactitud de tales datos personales;<\/li>\n\n\n\n<li>el tratamiento es il\u00edcito y el interesado se opone a la anulaci\u00f3n de los datos personales y, en cambio, pide que sea restringido su uso;<\/li>\n\n\n\n<li>si bien el titular del tratamiento ya no tiene necesidad a los fines del tratamiento, los datos personales son necesarios al interesado para la verificaci\u00f3n, el ejercicio o la defensa de un derecho en sede judicial;<\/li>\n\n\n\n<li>el interesado se opuso al tratamiento a tenor del art\u00edculo 21, p\u00e1rrafo 1, en espera de la verificaci\u00f3n con respecto a la eventual predominancia de los motivos leg\u00edtimos del titular del tratamiento con respecto a los del interesado.<\/li>\n<\/ol>\n<\/li>\n\n\n\n<li>Si el tratamiento es restringido con arreglo al p\u00e1rrafo 1, tales datos personales vienen tratados, excepto para la conservaci\u00f3n, solamente con el consentimiento del interesado o para la verificaci\u00f3n, el ejercicio o la defensa de un derecho en sede judicial o para tutelar los derechos de otra persona f\u00edsica o jur\u00eddica o por motivos de inter\u00e9s p\u00fablico relevante de la Uni\u00f3n o de un Estado miembro.<\/li>\n\n\n\n<li>El interesado que obtuvo la restricci\u00f3n del tratamiento a tenor del p\u00e1rrafo 1 y fue informado por el titular del tratamiento antes que dicha restricci\u00f3n sea revocada.<\/li>\n<\/ol>\n\n\n\n<p><strong>Art\u00edculo 19<\/strong><\/p>\n\n\n\n<p><strong>Obligaci\u00f3n de notificaci\u00f3n en caso de rectificaci\u00f3n o anulaci\u00f3n de los datos personales o restricci\u00f3n del tratamiento<\/strong><\/p>\n\n\n\n<p>El titular del tratamiento comunica a cada uno de los destinatarios a los cuales han sido transmitidos los datos personales las eventuales rectificaciones, anulaciones o restricciones del tratamiento efectuadas a tenor del art\u00edculo 16, del art\u00edculo 17, p\u00e1rrafo 1, y del art\u00edculo 18, excepto que se demuestre imposible o implique un esfuerzo desproporcionado. El titular del tratamiento comunica al interesado tales destinatarios cuando el interesado lo solicite.<\/p>\n\n\n\n<p><strong>Art\u00edculo 20<\/strong><\/p>\n\n\n\n<p><strong>Derecho de portabilidad de los datos<\/strong><\/p>\n\n\n\n<ol class=\"wp-block-list\">\n<li>El interesado tiene derecho de recibir con un formato estructurado, de uso com\u00fan y legible mediante un dispositivo autom\u00e1tico sus datos personales suministrados a un titular del tratamiento y tiene derecho de transmitir esos datos a otro titular del tratamiento sin impedimentos por parte del titular del tratamiento al cual los ha suministrado, en el caso que:\n<ol class=\"wp-block-list\">\n<li>el tratamiento se fundamente en el consentimiento a tenor del art\u00edculo 6, p\u00e1rrafo 1, letra a), o del art\u00edculo 9, p\u00e1rrafo 2, letra a), o en un contrato a tenor del art\u00edculo 6, p\u00e1rrafo 1, letra b): y<\/li>\n\n\n\n<li>el tratamiento sea efectuado con medios automatizados.<\/li>\n<\/ol>\n<\/li>\n\n\n\n<li>Durante el ejercicio de sus derechos en materia de portabilidad de los datos a tenor del p\u00e1rrafo 1, el interesado tiene derecho de obtener la transmisi\u00f3n directa de los datos personales de un titular del tratamiento a otro, siempre que sea t\u00e9cnicamente factible.<\/li>\n\n\n\n<li>El ejercicio del derecho expresado en el p\u00e1rrafo 1 del presente art\u00edculo no afecta al art\u00edculo 17, Tal derecho no se aplica al tratamiento necesario para la ejecuci\u00f3n de una operaci\u00f3n de inter\u00e9s p\u00fablico o conexa al ejercicio de poderes p\u00fablicos de los cuales est\u00e1 investido el titular del tratamiento.<\/li>\n\n\n\n<li>El derecho expresado en el p\u00e1rrafo 1 no debe menoscabar los derechos y las libertades de terceros.<\/li>\n<\/ol>\n\n\n\n<p><strong>Art\u00edculo 21<\/strong><\/p>\n\n\n\n<p><strong>Derecho de oposici\u00f3n<\/strong><\/p>\n\n\n\n<ol class=\"wp-block-list\">\n<li>El interesado tiene derecho de oponerse, en cualquier momento, por motivos conexos a su situaci\u00f3n particular, al tratamiento de sus datos personales a tenor del art\u00edculo 6, p\u00e1rrafo 1, letras e) o f), incluida la creaci\u00f3n del perfil en base a tales disposiciones, El titular del tratamiento se abstiene de seguir tratando los datos personales excepto que demuestre la existencia de motivos leg\u00edtimos forzosos para proceder al tratamiento que prevalecen sobre los intereses, derechos y libertades del interesado o para la verificaci\u00f3n, el ejercicio o la defensa de un derecho en sede judicial.<\/li>\n\n\n\n<li>En el caso que los datos personales sean tratados para finalidades de marketing directo, el interesado tiene derecho de oponerse, en cualquier momento, al tratamiento de sus datos personales efectuado para tales finalidades, incluida la creaci\u00f3n del perfil en la medida que sea conexa a tal marketing directo.<\/li>\n\n\n\n<li>En el caso que el interesado se oponga al tratamiento para finalidades de marketing directo, los datos personales ya no deber\u00e1n ser objeto de tratamiento para tales finalidades.<\/li>\n\n\n\n<li>El derecho expresado en los p\u00e1rrafos 1 y 2 es llevado a la atenci\u00f3n del interesado de modo expl\u00edcito y viene presentado claramente y de modo separado de cualquier otra informaci\u00f3n a m\u00e1s tardar al momento de la primera comunicaci\u00f3n con el interesado.<\/li>\n\n\n\n<li>En el contexto del uso de servicios de la sociedad de la informaci\u00f3n y sin perjuicio de la <a href=\"http:\/\/eur-lex.europa.eu\/legal-content\/EN\/TXT\/HTML\/?uri=CELEX:32002L0058\" target=\"_blank\" rel=\"noreferrer noopener\">directiva 2002\/58\/CE<\/a>, el interesado puede ejercer su proprio derecho de oposici\u00f3n con medios automatizados que utilizan t\u00e9cnicas espec\u00edficas.<\/li>\n\n\n\n<li>En el caso que los datos personales sean tratados para fines de investigaci\u00f3n cient\u00edfica o hist\u00f3rica o para objetivos estad\u00edsticos a tenor del <a href=\"https:\/\/gdpr-info.eu\/art-89-gdpr\/\" target=\"_blank\" rel=\"noreferrer noopener\">art\u00edculo 89<\/a>, p\u00e1rrafo 1, el interesado, por motivos conexos a su situaci\u00f3n particular, tiene derecho de oponerse al tratamiento de sus datos personales, a menos que el tratamiento fuera necesario para la ejecuci\u00f3n de una operaci\u00f3n de inter\u00e9s p\u00fablico.<\/li>\n<\/ol>\n\n\n\n<p><strong>Art\u00edculo 22<\/strong><\/p>\n\n\n\n<p><strong>Proceso decisional automatizado correspondiente a personas f\u00edsicas, incluida la creaci\u00f3n del perfil<\/strong><\/p>\n\n\n\n<ol class=\"wp-block-list\">\n<li>El interesado tiene derecho de no ser sometido a una decisi\u00f3n fundamentada \u00fanicamente en el tratamiento automatizado, incluida la creaci\u00f3n del perfil, que produzca efectos jur\u00eddicos que lo afecten o que incida significativamente de manera an\u00e1loga sobre su persona.<\/li>\n\n\n\n<li>El p\u00e1rrafo 1 no se aplica en el caso que la decisi\u00f3n:\n<ol class=\"wp-block-list\">\n<li>sea necesaria para la conclusi\u00f3n o la ejecuci\u00f3n de un contrato entre el interesado y un titular del tratamiento;<\/li>\n\n\n\n<li>sea autorizada por el derecho de la Uni\u00f3n o del Estado miembro al cual est\u00e1 sujeto el titular del tratamiento, que asimismo establece medidas adecuadas para tutelar los derechos de las libertades y de los leg\u00edtimos intereses del interesado;<\/li>\n\n\n\n<li>se fundamente en el consentimiento expl\u00edcito del interesado.<\/li>\n<\/ol>\n<\/li>\n\n\n\n<li>En los casos expresados en el p\u00e1rrafo 2, letras a) y c), el titular del tratamiento pone en acto medidas apropiadas para tutelar los derechos, las libertades y los leg\u00edtimos intereses del interesado, al menos el derecho de obtener la intervenci\u00f3n humana por parte del titular del tratamiento, expresar su opini\u00f3n y objetar una decisi\u00f3n.<\/li>\n\n\n\n<li>Las decisiones expresadas en el p\u00e1rrafo 2 no se fundamentan en las categor\u00edas particulares de datos personales expresados en el <a href=\"https:\/\/gdpr-info.eu\/art-9-gdpr\/\" target=\"_blank\" rel=\"noreferrer noopener\">art\u00edculo 9<\/a>, p\u00e1rrafo 1, a menos que no sea de aplicaci\u00f3n el <a href=\"https:\/\/gdpr-info.eu\/art-9-gdpr\/\" target=\"_blank\" rel=\"noreferrer noopener\">art\u00edculo 9<\/a>, p\u00e1rrafo 2, letras a) o g), y no est\u00e9n en vigor medidas adecuadas para tutelar los derechos, las libertades y los leg\u00edtimos intereses del interesado.<\/li>\n<\/ol>\n","protected":false},"excerpt":{"rendered":"<p>\u00daltima Fecha de Actualizaci\u00f3n: 25-5-2018 POL\u00cdTICA DE PRIVACIDAD A TENOR DEL ART\u00cdCULO 13 DEL REGLAMENTO UE 2016\/679 Con la presente pol\u00edtica de privacidad IVM Chemicals S.R.L. a tenor del art\u00edculo 4 del Reglamento UE 2016\/679 en materia de protecci\u00f3n de personas f\u00edsicas concerniente al tratamiento de datos personales, as\u00ed como a la libre circulaci\u00f3n de [&hellip;]<\/p>\n","protected":false},"author":10,"featured_media":0,"parent":0,"menu_order":14,"comment_status":"closed","ping_status":"closed","template":"","meta":{"_et_pb_use_builder":"","_et_pb_old_content":"","_et_gb_content_width":"","footnotes":""},"class_list":["post-23969","page","type-page","status-publish","hentry"],"yoast_head":"<!-- This site is optimized with the Yoast SEO plugin v27.3 - https:\/\/yoast.com\/product\/yoast-seo-wordpress\/ -->\n<title>Descargo de responsabilidad de privacidad - Milesi<\/title>\n<meta name=\"robots\" content=\"noindex, nofollow\" \/>\n<meta property=\"og:locale\" content=\"es_ES\" \/>\n<meta property=\"og:type\" content=\"article\" \/>\n<meta property=\"og:title\" content=\"Descargo de responsabilidad de privacidad - Milesi\" \/>\n<meta property=\"og:description\" content=\"\u00daltima Fecha de Actualizaci\u00f3n: 25-5-2018 POL\u00cdTICA DE PRIVACIDAD A TENOR DEL ART\u00cdCULO 13 DEL REGLAMENTO UE 2016\/679 Con la presente pol\u00edtica de privacidad IVM Chemicals S.R.L. a tenor del art\u00edculo 4 del Reglamento UE 2016\/679 en materia de protecci\u00f3n de personas f\u00edsicas concerniente al tratamiento de datos personales, as\u00ed como a la libre circulaci\u00f3n de [&hellip;]\" \/>\n<meta property=\"og:url\" content=\"https:\/\/www.milesi.com\/es\/descargo-de-responsabilidad-de-privacidad\/\" \/>\n<meta property=\"og:site_name\" content=\"Milesi\" \/>\n<meta property=\"article:publisher\" content=\"https:\/\/www.facebook.com\/MilesiVernici\" \/>\n<meta property=\"article:modified_time\" content=\"2023-07-14T07:44:32+00:00\" \/>\n<meta name=\"twitter:card\" content=\"summary_large_image\" \/>\n<meta name=\"twitter:label1\" content=\"Tiempo de lectura\" \/>\n\t<meta name=\"twitter:data1\" content=\"24 minutes\" \/>\n<script type=\"application\/ld+json\" class=\"yoast-schema-graph\">{\"@context\":\"https:\\\/\\\/schema.org\",\"@graph\":[{\"@type\":\"WebPage\",\"@id\":\"https:\\\/\\\/www.milesi.com\\\/es\\\/descargo-de-responsabilidad-de-privacidad\\\/\",\"url\":\"https:\\\/\\\/www.milesi.com\\\/es\\\/descargo-de-responsabilidad-de-privacidad\\\/\",\"name\":\"Descargo de responsabilidad de privacidad - Milesi\",\"isPartOf\":{\"@id\":\"https:\\\/\\\/www.milesi.com\\\/es\\\/#website\"},\"datePublished\":\"2023-07-14T07:44:31+00:00\",\"dateModified\":\"2023-07-14T07:44:32+00:00\",\"breadcrumb\":{\"@id\":\"https:\\\/\\\/www.milesi.com\\\/es\\\/descargo-de-responsabilidad-de-privacidad\\\/#breadcrumb\"},\"inLanguage\":\"es-ES\",\"potentialAction\":[{\"@type\":\"ReadAction\",\"target\":[\"https:\\\/\\\/www.milesi.com\\\/es\\\/descargo-de-responsabilidad-de-privacidad\\\/\"]}]},{\"@type\":\"BreadcrumbList\",\"@id\":\"https:\\\/\\\/www.milesi.com\\\/es\\\/descargo-de-responsabilidad-de-privacidad\\\/#breadcrumb\",\"itemListElement\":[{\"@type\":\"ListItem\",\"position\":1,\"name\":\"Milesi - Barnices para Madera\",\"item\":\"https:\\\/\\\/www.milesi.com\\\/es\\\/\"},{\"@type\":\"ListItem\",\"position\":2,\"name\":\"Descargo de responsabilidad de privacidad\"}]},{\"@type\":\"WebSite\",\"@id\":\"https:\\\/\\\/www.milesi.com\\\/es\\\/#website\",\"url\":\"https:\\\/\\\/www.milesi.com\\\/es\\\/\",\"name\":\"Milesi Vernici per il legno\",\"description\":\"Barnices para Madera\",\"publisher\":{\"@id\":\"https:\\\/\\\/www.milesi.com\\\/es\\\/#organization\"},\"alternateName\":\"Milesi\",\"potentialAction\":[{\"@type\":\"SearchAction\",\"target\":{\"@type\":\"EntryPoint\",\"urlTemplate\":\"https:\\\/\\\/www.milesi.com\\\/es\\\/?s={search_term_string}\"},\"query-input\":{\"@type\":\"PropertyValueSpecification\",\"valueRequired\":true,\"valueName\":\"search_term_string\"}}],\"inLanguage\":\"es-ES\"},{\"@type\":\"Organization\",\"@id\":\"https:\\\/\\\/www.milesi.com\\\/es\\\/#organization\",\"name\":\"Milesi Vernici\",\"alternateName\":\"Milesi\",\"url\":\"https:\\\/\\\/www.milesi.com\\\/es\\\/\",\"logo\":{\"@type\":\"ImageObject\",\"inLanguage\":\"es-ES\",\"@id\":\"https:\\\/\\\/www.milesi.com\\\/es\\\/#\\\/schema\\\/logo\\\/image\\\/\",\"url\":\"https:\\\/\\\/www.milesi.com\\\/wp-content\\\/uploads\\\/2022\\\/12\\\/milesi-web.png\",\"contentUrl\":\"https:\\\/\\\/www.milesi.com\\\/wp-content\\\/uploads\\\/2022\\\/12\\\/milesi-web.png\",\"width\":100,\"height\":101,\"caption\":\"Milesi Vernici\"},\"image\":{\"@id\":\"https:\\\/\\\/www.milesi.com\\\/es\\\/#\\\/schema\\\/logo\\\/image\\\/\"},\"sameAs\":[\"https:\\\/\\\/www.facebook.com\\\/MilesiVernici\",\"https:\\\/\\\/www.youtube.com\\\/channel\\\/UCgULN6yzPgE9usmMi3CP5hQ\",\"https:\\\/\\\/www.instagram.com\\\/milesiverniciperlegno\\\/\",\"https:\\\/\\\/vimeo.com\\\/user117001108\",\"https:\\\/\\\/www.linkedin.com\\\/company\\\/milesiwoodcoatings\\\/\"]}]}<\/script>\n<!-- \/ Yoast SEO plugin. -->","yoast_head_json":{"title":"Descargo de responsabilidad de privacidad - Milesi","robots":{"index":"noindex","follow":"nofollow"},"og_locale":"es_ES","og_type":"article","og_title":"Descargo de responsabilidad de privacidad - Milesi","og_description":"\u00daltima Fecha de Actualizaci\u00f3n: 25-5-2018 POL\u00cdTICA DE PRIVACIDAD A TENOR DEL ART\u00cdCULO 13 DEL REGLAMENTO UE 2016\/679 Con la presente pol\u00edtica de privacidad IVM Chemicals S.R.L. a tenor del art\u00edculo 4 del Reglamento UE 2016\/679 en materia de protecci\u00f3n de personas f\u00edsicas concerniente al tratamiento de datos personales, as\u00ed como a la libre circulaci\u00f3n de [&hellip;]","og_url":"https:\/\/www.milesi.com\/es\/descargo-de-responsabilidad-de-privacidad\/","og_site_name":"Milesi","article_publisher":"https:\/\/www.facebook.com\/MilesiVernici","article_modified_time":"2023-07-14T07:44:32+00:00","twitter_card":"summary_large_image","twitter_misc":{"Tiempo de lectura":"24 minutes"},"schema":{"@context":"https:\/\/schema.org","@graph":[{"@type":"WebPage","@id":"https:\/\/www.milesi.com\/es\/descargo-de-responsabilidad-de-privacidad\/","url":"https:\/\/www.milesi.com\/es\/descargo-de-responsabilidad-de-privacidad\/","name":"Descargo de responsabilidad de privacidad - Milesi","isPartOf":{"@id":"https:\/\/www.milesi.com\/es\/#website"},"datePublished":"2023-07-14T07:44:31+00:00","dateModified":"2023-07-14T07:44:32+00:00","breadcrumb":{"@id":"https:\/\/www.milesi.com\/es\/descargo-de-responsabilidad-de-privacidad\/#breadcrumb"},"inLanguage":"es-ES","potentialAction":[{"@type":"ReadAction","target":["https:\/\/www.milesi.com\/es\/descargo-de-responsabilidad-de-privacidad\/"]}]},{"@type":"BreadcrumbList","@id":"https:\/\/www.milesi.com\/es\/descargo-de-responsabilidad-de-privacidad\/#breadcrumb","itemListElement":[{"@type":"ListItem","position":1,"name":"Milesi - Barnices para Madera","item":"https:\/\/www.milesi.com\/es\/"},{"@type":"ListItem","position":2,"name":"Descargo de responsabilidad de privacidad"}]},{"@type":"WebSite","@id":"https:\/\/www.milesi.com\/es\/#website","url":"https:\/\/www.milesi.com\/es\/","name":"Milesi Vernici per il legno","description":"Barnices para Madera","publisher":{"@id":"https:\/\/www.milesi.com\/es\/#organization"},"alternateName":"Milesi","potentialAction":[{"@type":"SearchAction","target":{"@type":"EntryPoint","urlTemplate":"https:\/\/www.milesi.com\/es\/?s={search_term_string}"},"query-input":{"@type":"PropertyValueSpecification","valueRequired":true,"valueName":"search_term_string"}}],"inLanguage":"es-ES"},{"@type":"Organization","@id":"https:\/\/www.milesi.com\/es\/#organization","name":"Milesi Vernici","alternateName":"Milesi","url":"https:\/\/www.milesi.com\/es\/","logo":{"@type":"ImageObject","inLanguage":"es-ES","@id":"https:\/\/www.milesi.com\/es\/#\/schema\/logo\/image\/","url":"https:\/\/www.milesi.com\/wp-content\/uploads\/2022\/12\/milesi-web.png","contentUrl":"https:\/\/www.milesi.com\/wp-content\/uploads\/2022\/12\/milesi-web.png","width":100,"height":101,"caption":"Milesi Vernici"},"image":{"@id":"https:\/\/www.milesi.com\/es\/#\/schema\/logo\/image\/"},"sameAs":["https:\/\/www.facebook.com\/MilesiVernici","https:\/\/www.youtube.com\/channel\/UCgULN6yzPgE9usmMi3CP5hQ","https:\/\/www.instagram.com\/milesiverniciperlegno\/","https:\/\/vimeo.com\/user117001108","https:\/\/www.linkedin.com\/company\/milesiwoodcoatings\/"]}]}},"_links":{"self":[{"href":"https:\/\/www.milesi.com\/es\/wp-json\/wp\/v2\/pages\/23969","targetHints":{"allow":["GET"]}}],"collection":[{"href":"https:\/\/www.milesi.com\/es\/wp-json\/wp\/v2\/pages"}],"about":[{"href":"https:\/\/www.milesi.com\/es\/wp-json\/wp\/v2\/types\/page"}],"author":[{"embeddable":true,"href":"https:\/\/www.milesi.com\/es\/wp-json\/wp\/v2\/users\/10"}],"replies":[{"embeddable":true,"href":"https:\/\/www.milesi.com\/es\/wp-json\/wp\/v2\/comments?post=23969"}],"version-history":[{"count":1,"href":"https:\/\/www.milesi.com\/es\/wp-json\/wp\/v2\/pages\/23969\/revisions"}],"predecessor-version":[{"id":23970,"href":"https:\/\/www.milesi.com\/es\/wp-json\/wp\/v2\/pages\/23969\/revisions\/23970"}],"wp:attachment":[{"href":"https:\/\/www.milesi.com\/es\/wp-json\/wp\/v2\/media?parent=23969"}],"curies":[{"name":"wp","href":"https:\/\/api.w.org\/{rel}","templated":true}]}}