{"id":9055,"date":"2019-11-08T16:31:00","date_gmt":"2019-11-08T15:31:00","guid":{"rendered":"http:\/\/www.milesi.com\/shop\/sin%20categor\u00eda\/lavagna-opaca\/"},"modified":"2021-03-01T12:52:29","modified_gmt":"2021-03-01T11:52:29","slug":"lavagna-opaca","status":"publish","type":"product","link":"https:\/\/www.milesi.com\/es\/producto\/soluciones-para-la-madera\/inspiracion-soluciones-para-la-madera\/los-materiales\/lavagna-opaca\/","title":{"rendered":"Pizarra mate"},"content":{"rendered":"","protected":false},"excerpt":{"rendered":"<p style=\"text-align: left;\">Transforman las superficies en espacios sobre los que poder escribir, borrar, volver a escribir o dibujar. Las puertas de un mueble se pueden personalizar con una frase, con dibujos, las mesas con un men\u00fa.<\/p>\n<p style=\"text-align: left;\">Se pueden elegir entre la versi\u00f3n color pizarra, en las tonalidades deseadas, o en colores oscuros t\u00edpicos de los encerados sobre los que poder garabatear con tizas de colores.<\/p>\n","protected":false},"featured_media":9217,"comment_status":"open","ping_status":"closed","template":"","meta":{"_et_pb_use_builder":"","_et_pb_old_content":"","_et_gb_content_width":""},"product_brand":[],"product_cat":[302,336,301],"product_tag":[307,303,308,364,472,305,470,304,473,471],"class_list":{"0":"post-9055","1":"product","2":"type-product","3":"status-publish","4":"has-post-thumbnail","6":"product_cat-inspiracion-soluciones-para-la-madera","7":"product_cat-los-materiales","8":"product_cat-soluciones-para-la-madera","9":"product_tag-azul","10":"product_tag-barnices","11":"product_tag-inspiracion","12":"product_tag-lacado","13":"product_tag-lavagna-opaca-es","14":"product_tag-madera","15":"product_tag-negro","16":"product_tag-panel-es","17":"product_tag-petroleo","18":"product_tag-rojo","20":"first","21":"instock","22":"shipping-taxable","23":"product-type-simple"},"yoast_head":"<!-- This site is optimized with the Yoast SEO plugin v27.3 - https:\/\/yoast.com\/product\/yoast-seo-wordpress\/ -->\n<title>Pizarra mate - Milesi<\/title>\n<meta name=\"robots\" content=\"index, follow, max-snippet:-1, max-image-preview:large, max-video-preview:-1\" \/>\n<link rel=\"canonical\" href=\"https:\/\/www.milesi.com\/es\/producto\/soluciones-para-la-madera\/inspiracion-soluciones-para-la-madera\/los-materiales\/lavagna-opaca\/\" \/>\n<meta property=\"og:locale\" content=\"es_ES\" \/>\n<meta property=\"og:type\" content=\"article\" \/>\n<meta property=\"og:title\" content=\"Pizarra mate - Milesi\" \/>\n<meta property=\"og:description\" content=\"Transforman las superficies en espacios sobre los que poder escribir, borrar, volver a escribir o dibujar. Las puertas de un mueble se pueden personalizar con una frase, con dibujos, las mesas con un men\u00fa. Se pueden elegir entre la versi\u00f3n color pizarra, en las tonalidades deseadas, o en colores oscuros t\u00edpicos de los encerados sobre los que poder garabatear con tizas de colores.\" \/>\n<meta property=\"og:url\" content=\"https:\/\/www.milesi.com\/es\/producto\/soluciones-para-la-madera\/inspiracion-soluciones-para-la-madera\/los-materiales\/lavagna-opaca\/\" \/>\n<meta property=\"og:site_name\" content=\"Milesi\" \/>\n<meta property=\"article:publisher\" content=\"https:\/\/www.facebook.com\/MilesiVernici\" \/>\n<meta property=\"article:modified_time\" content=\"2021-03-01T11:52:29+00:00\" \/>\n<meta property=\"og:image\" content=\"https:\/\/www.milesi.com\/wp-content\/uploads\/2019\/11\/lavagna_opaca_1200x1200_bordo.jpg\" \/>\n\t<meta property=\"og:image:width\" content=\"1200\" \/>\n\t<meta property=\"og:image:height\" content=\"1200\" \/>\n\t<meta property=\"og:image:type\" content=\"image\/jpeg\" \/>\n<meta name=\"twitter:card\" content=\"summary_large_image\" \/>\n<script type=\"application\/ld+json\" class=\"yoast-schema-graph\">{\"@context\":\"https:\\\/\\\/schema.org\",\"@graph\":[{\"@type\":\"WebPage\",\"@id\":\"https:\\\/\\\/www.milesi.com\\\/es\\\/producto\\\/soluciones-para-la-madera\\\/inspiracion-soluciones-para-la-madera\\\/los-materiales\\\/lavagna-opaca\\\/\",\"url\":\"https:\\\/\\\/www.milesi.com\\\/es\\\/producto\\\/soluciones-para-la-madera\\\/inspiracion-soluciones-para-la-madera\\\/los-materiales\\\/lavagna-opaca\\\/\",\"name\":\"Pizarra mate - Milesi\",\"isPartOf\":{\"@id\":\"https:\\\/\\\/www.milesi.com\\\/es\\\/#website\"},\"primaryImageOfPage\":{\"@id\":\"https:\\\/\\\/www.milesi.com\\\/es\\\/producto\\\/soluciones-para-la-madera\\\/inspiracion-soluciones-para-la-madera\\\/los-materiales\\\/lavagna-opaca\\\/#primaryimage\"},\"image\":{\"@id\":\"https:\\\/\\\/www.milesi.com\\\/es\\\/producto\\\/soluciones-para-la-madera\\\/inspiracion-soluciones-para-la-madera\\\/los-materiales\\\/lavagna-opaca\\\/#primaryimage\"},\"thumbnailUrl\":\"https:\\\/\\\/www.milesi.com\\\/wp-content\\\/uploads\\\/2019\\\/11\\\/lavagna_opaca_1200x1200_bordo.jpg\",\"datePublished\":\"2019-11-08T15:31:00+00:00\",\"dateModified\":\"2021-03-01T11:52:29+00:00\",\"breadcrumb\":{\"@id\":\"https:\\\/\\\/www.milesi.com\\\/es\\\/producto\\\/soluciones-para-la-madera\\\/inspiracion-soluciones-para-la-madera\\\/los-materiales\\\/lavagna-opaca\\\/#breadcrumb\"},\"inLanguage\":\"es-ES\",\"potentialAction\":[{\"@type\":\"ReadAction\",\"target\":[\"https:\\\/\\\/www.milesi.com\\\/es\\\/producto\\\/soluciones-para-la-madera\\\/inspiracion-soluciones-para-la-madera\\\/los-materiales\\\/lavagna-opaca\\\/\"]}]},{\"@type\":\"ImageObject\",\"inLanguage\":\"es-ES\",\"@id\":\"https:\\\/\\\/www.milesi.com\\\/es\\\/producto\\\/soluciones-para-la-madera\\\/inspiracion-soluciones-para-la-madera\\\/los-materiales\\\/lavagna-opaca\\\/#primaryimage\",\"url\":\"https:\\\/\\\/www.milesi.com\\\/wp-content\\\/uploads\\\/2019\\\/11\\\/lavagna_opaca_1200x1200_bordo.jpg\",\"contentUrl\":\"https:\\\/\\\/www.milesi.com\\\/wp-content\\\/uploads\\\/2019\\\/11\\\/lavagna_opaca_1200x1200_bordo.jpg\",\"width\":1200,\"height\":1200,\"caption\":\"Vernice per legno effetto lavagna opaca\"},{\"@type\":\"BreadcrumbList\",\"@id\":\"https:\\\/\\\/www.milesi.com\\\/es\\\/producto\\\/soluciones-para-la-madera\\\/inspiracion-soluciones-para-la-madera\\\/los-materiales\\\/lavagna-opaca\\\/#breadcrumb\",\"itemListElement\":[{\"@type\":\"ListItem\",\"position\":1,\"name\":\"Milesi - Barnices para Madera\",\"item\":\"https:\\\/\\\/www.milesi.com\\\/es\\\/\"},{\"@type\":\"ListItem\",\"position\":2,\"name\":\"Prodotti\",\"item\":\"https:\\\/\\\/www.milesi.com\\\/prodotti\\\/\"},{\"@type\":\"ListItem\",\"position\":3,\"name\":\"Pizarra mate\"}]},{\"@type\":\"WebSite\",\"@id\":\"https:\\\/\\\/www.milesi.com\\\/es\\\/#website\",\"url\":\"https:\\\/\\\/www.milesi.com\\\/es\\\/\",\"name\":\"Milesi Vernici per il legno\",\"description\":\"Barnices para Madera\",\"publisher\":{\"@id\":\"https:\\\/\\\/www.milesi.com\\\/es\\\/#organization\"},\"alternateName\":\"Milesi\",\"potentialAction\":[{\"@type\":\"SearchAction\",\"target\":{\"@type\":\"EntryPoint\",\"urlTemplate\":\"https:\\\/\\\/www.milesi.com\\\/es\\\/?s={search_term_string}\"},\"query-input\":{\"@type\":\"PropertyValueSpecification\",\"valueRequired\":true,\"valueName\":\"search_term_string\"}}],\"inLanguage\":\"es-ES\"},{\"@type\":\"Organization\",\"@id\":\"https:\\\/\\\/www.milesi.com\\\/es\\\/#organization\",\"name\":\"Milesi Vernici\",\"alternateName\":\"Milesi\",\"url\":\"https:\\\/\\\/www.milesi.com\\\/es\\\/\",\"logo\":{\"@type\":\"ImageObject\",\"inLanguage\":\"es-ES\",\"@id\":\"https:\\\/\\\/www.milesi.com\\\/es\\\/#\\\/schema\\\/logo\\\/image\\\/\",\"url\":\"https:\\\/\\\/www.milesi.com\\\/wp-content\\\/uploads\\\/2022\\\/12\\\/milesi-web.png\",\"contentUrl\":\"https:\\\/\\\/www.milesi.com\\\/wp-content\\\/uploads\\\/2022\\\/12\\\/milesi-web.png\",\"width\":100,\"height\":101,\"caption\":\"Milesi Vernici\"},\"image\":{\"@id\":\"https:\\\/\\\/www.milesi.com\\\/es\\\/#\\\/schema\\\/logo\\\/image\\\/\"},\"sameAs\":[\"https:\\\/\\\/www.facebook.com\\\/MilesiVernici\",\"https:\\\/\\\/www.youtube.com\\\/channel\\\/UCgULN6yzPgE9usmMi3CP5hQ\",\"https:\\\/\\\/www.instagram.com\\\/milesiverniciperlegno\\\/\",\"https:\\\/\\\/vimeo.com\\\/user117001108\",\"https:\\\/\\\/www.linkedin.com\\\/company\\\/milesiwoodcoatings\\\/\"]}]}<\/script>\n<!-- \/ Yoast SEO plugin. -->","yoast_head_json":{"title":"Pizarra mate - Milesi","robots":{"index":"index","follow":"follow","max-snippet":"max-snippet:-1","max-image-preview":"max-image-preview:large","max-video-preview":"max-video-preview:-1"},"canonical":"https:\/\/www.milesi.com\/es\/producto\/soluciones-para-la-madera\/inspiracion-soluciones-para-la-madera\/los-materiales\/lavagna-opaca\/","og_locale":"es_ES","og_type":"article","og_title":"Pizarra mate - Milesi","og_description":"Transforman las superficies en espacios sobre los que poder escribir, borrar, volver a escribir o dibujar. Las puertas de un mueble se pueden personalizar con una frase, con dibujos, las mesas con un men\u00fa. Se pueden elegir entre la versi\u00f3n color pizarra, en las tonalidades deseadas, o en colores oscuros t\u00edpicos de los encerados sobre los que poder garabatear con tizas de colores.","og_url":"https:\/\/www.milesi.com\/es\/producto\/soluciones-para-la-madera\/inspiracion-soluciones-para-la-madera\/los-materiales\/lavagna-opaca\/","og_site_name":"Milesi","article_publisher":"https:\/\/www.facebook.com\/MilesiVernici","article_modified_time":"2021-03-01T11:52:29+00:00","og_image":[{"width":1200,"height":1200,"url":"https:\/\/www.milesi.com\/wp-content\/uploads\/2019\/11\/lavagna_opaca_1200x1200_bordo.jpg","type":"image\/jpeg"}],"twitter_card":"summary_large_image","schema":{"@context":"https:\/\/schema.org","@graph":[{"@type":"WebPage","@id":"https:\/\/www.milesi.com\/es\/producto\/soluciones-para-la-madera\/inspiracion-soluciones-para-la-madera\/los-materiales\/lavagna-opaca\/","url":"https:\/\/www.milesi.com\/es\/producto\/soluciones-para-la-madera\/inspiracion-soluciones-para-la-madera\/los-materiales\/lavagna-opaca\/","name":"Pizarra mate - Milesi","isPartOf":{"@id":"https:\/\/www.milesi.com\/es\/#website"},"primaryImageOfPage":{"@id":"https:\/\/www.milesi.com\/es\/producto\/soluciones-para-la-madera\/inspiracion-soluciones-para-la-madera\/los-materiales\/lavagna-opaca\/#primaryimage"},"image":{"@id":"https:\/\/www.milesi.com\/es\/producto\/soluciones-para-la-madera\/inspiracion-soluciones-para-la-madera\/los-materiales\/lavagna-opaca\/#primaryimage"},"thumbnailUrl":"https:\/\/www.milesi.com\/wp-content\/uploads\/2019\/11\/lavagna_opaca_1200x1200_bordo.jpg","datePublished":"2019-11-08T15:31:00+00:00","dateModified":"2021-03-01T11:52:29+00:00","breadcrumb":{"@id":"https:\/\/www.milesi.com\/es\/producto\/soluciones-para-la-madera\/inspiracion-soluciones-para-la-madera\/los-materiales\/lavagna-opaca\/#breadcrumb"},"inLanguage":"es-ES","potentialAction":[{"@type":"ReadAction","target":["https:\/\/www.milesi.com\/es\/producto\/soluciones-para-la-madera\/inspiracion-soluciones-para-la-madera\/los-materiales\/lavagna-opaca\/"]}]},{"@type":"ImageObject","inLanguage":"es-ES","@id":"https:\/\/www.milesi.com\/es\/producto\/soluciones-para-la-madera\/inspiracion-soluciones-para-la-madera\/los-materiales\/lavagna-opaca\/#primaryimage","url":"https:\/\/www.milesi.com\/wp-content\/uploads\/2019\/11\/lavagna_opaca_1200x1200_bordo.jpg","contentUrl":"https:\/\/www.milesi.com\/wp-content\/uploads\/2019\/11\/lavagna_opaca_1200x1200_bordo.jpg","width":1200,"height":1200,"caption":"Vernice per legno effetto lavagna opaca"},{"@type":"BreadcrumbList","@id":"https:\/\/www.milesi.com\/es\/producto\/soluciones-para-la-madera\/inspiracion-soluciones-para-la-madera\/los-materiales\/lavagna-opaca\/#breadcrumb","itemListElement":[{"@type":"ListItem","position":1,"name":"Milesi - Barnices para Madera","item":"https:\/\/www.milesi.com\/es\/"},{"@type":"ListItem","position":2,"name":"Prodotti","item":"https:\/\/www.milesi.com\/prodotti\/"},{"@type":"ListItem","position":3,"name":"Pizarra mate"}]},{"@type":"WebSite","@id":"https:\/\/www.milesi.com\/es\/#website","url":"https:\/\/www.milesi.com\/es\/","name":"Milesi Vernici per il legno","description":"Barnices para Madera","publisher":{"@id":"https:\/\/www.milesi.com\/es\/#organization"},"alternateName":"Milesi","potentialAction":[{"@type":"SearchAction","target":{"@type":"EntryPoint","urlTemplate":"https:\/\/www.milesi.com\/es\/?s={search_term_string}"},"query-input":{"@type":"PropertyValueSpecification","valueRequired":true,"valueName":"search_term_string"}}],"inLanguage":"es-ES"},{"@type":"Organization","@id":"https:\/\/www.milesi.com\/es\/#organization","name":"Milesi Vernici","alternateName":"Milesi","url":"https:\/\/www.milesi.com\/es\/","logo":{"@type":"ImageObject","inLanguage":"es-ES","@id":"https:\/\/www.milesi.com\/es\/#\/schema\/logo\/image\/","url":"https:\/\/www.milesi.com\/wp-content\/uploads\/2022\/12\/milesi-web.png","contentUrl":"https:\/\/www.milesi.com\/wp-content\/uploads\/2022\/12\/milesi-web.png","width":100,"height":101,"caption":"Milesi Vernici"},"image":{"@id":"https:\/\/www.milesi.com\/es\/#\/schema\/logo\/image\/"},"sameAs":["https:\/\/www.facebook.com\/MilesiVernici","https:\/\/www.youtube.com\/channel\/UCgULN6yzPgE9usmMi3CP5hQ","https:\/\/www.instagram.com\/milesiverniciperlegno\/","https:\/\/vimeo.com\/user117001108","https:\/\/www.linkedin.com\/company\/milesiwoodcoatings\/"]}]}},"_links":{"self":[{"href":"https:\/\/www.milesi.com\/es\/wp-json\/wp\/v2\/product\/9055","targetHints":{"allow":["GET"]}}],"collection":[{"href":"https:\/\/www.milesi.com\/es\/wp-json\/wp\/v2\/product"}],"about":[{"href":"https:\/\/www.milesi.com\/es\/wp-json\/wp\/v2\/types\/product"}],"replies":[{"embeddable":true,"href":"https:\/\/www.milesi.com\/es\/wp-json\/wp\/v2\/comments?post=9055"}],"wp:featuredmedia":[{"embeddable":true,"href":"https:\/\/www.milesi.com\/es\/wp-json\/wp\/v2\/media\/9217"}],"wp:attachment":[{"href":"https:\/\/www.milesi.com\/es\/wp-json\/wp\/v2\/media?parent=9055"}],"wp:term":[{"taxonomy":"product_brand","embeddable":true,"href":"https:\/\/www.milesi.com\/es\/wp-json\/wp\/v2\/product_brand?post=9055"},{"taxonomy":"product_cat","embeddable":true,"href":"https:\/\/www.milesi.com\/es\/wp-json\/wp\/v2\/product_cat?post=9055"},{"taxonomy":"product_tag","embeddable":true,"href":"https:\/\/www.milesi.com\/es\/wp-json\/wp\/v2\/product_tag?post=9055"}],"curies":[{"name":"wp","href":"https:\/\/api.w.org\/{rel}","templated":true}]}}