{"id":10104,"date":"2020-09-21T08:35:08","date_gmt":"2020-09-21T06:35:08","guid":{"rendered":"http:\/\/www.milesi.com\/?page_id=10104"},"modified":"2021-02-26T10:11:25","modified_gmt":"2021-02-26T09:11:25","slug":"notre-histoire","status":"publish","type":"page","link":"https:\/\/www.milesi.com\/fr\/notre-histoire\/","title":{"rendered":"Notre Histoire"},"content":{"rendered":"\r\n<div class=\"wp-block-image\">\r\n<figure class=\"alignleft size-large is-resized\"><img loading=\"lazy\" decoding=\"async\" class=\"wp-image-9566\" src=\"https:\/\/www.milesi.com\/wp-content\/uploads\/2020\/08\/FotoStorica_latte_bordoRD-1.jpg\" alt=\"\" width=\"477\" height=\"291\" \/><\/figure>\r\n<\/div>\r\n\r\n\r\n\r\n<p><strong>Milesi<\/strong> est une marque du <a href=\"http:\/\/www.ivmgroup\" target=\"_blank\" rel=\"noopener\"><strong>Groupe international IVM<\/strong><\/a>, l\u2019un des leaders les plus importants d\u2019Europe et du monde, sp\u00e9cialis\u00e9 dans les vernis pour bois et pour l\u2019habitat.\u00a0 Son Histoire commence en 1947.<\/p>\r\n<p>&nbsp;<\/p>\r\n\r\n\r\n\r\n<p><strong>1947-1970<\/strong><\/p>\r\n\r\n\r\n\r\n<p>Les produits Milesi sont n\u00e9s \u00e0 Milan, r\u00e9gion reconnue dans le monde entier comme le berceau de l\u2019excellence dans le secteur du bois et de l\u2019ameublement depuis la fin du 18<sup>\u00e8me<\/sup> si\u00e8cle.<\/p>\r\n\r\n\r\n\r\n<p>De 1945 \u00e0 1960, l\u2019Italie m\u00e8ne l\u2019immense d\u00e9veloppement de l\u2019industrie du meuble au niveau europ\u00e9en\u00a0: les petits artisans se transforment en des industries modernes tout en conservant une profonde attention \u00e0 la qualit\u00e9 et aux d\u00e9tails qui ont contribu\u00e9 \u00e0 sa renomm\u00e9e internationale. Ils unissent leur savoir-faire technique \u00e0 leur imagination\u00a0: en travaillant avec des architectes et des designers renomm\u00e9s, ils cr\u00e9ent les meubles et les objets de d\u00e9coration qui ont marqu\u00e9 l\u2019histoire du design industriel.<\/p>\r\n\r\n\r\n\r\n<p>C\u2019est dans ce contexte que Milesi puise ses racines. D\u00e8s le d\u00e9but, elle affronte les diverses r\u00e9alit\u00e9s entrepreneuriales du secteur bois-ameublement pour en comprendre les exigences et les attentes, en les soutenant dans leur parcours de croissance\u00a0: la recherche de produits innovants pour contribuer \u00e0 r\u00e9pandre leur notori\u00e9t\u00e9 dans le monde.<\/p>\r\n\r\n\r\n\r\n<p>Le rapport profond et constant avec ces excellences, ainsi qu\u2019avec les architectes et les designers qui travaillent avec eux, sont les fondations du succ\u00e8s de Milesi.<\/p>\r\n\r\n\r\n\r\n<div class=\"wp-block-spacer\" style=\"height: 20px;\" aria-hidden=\"true\">\u00a0<\/div>\r\n\r\n\r\n\r\n\r\n\r\n<p style=\"text-align: justify;\"><strong><img loading=\"lazy\" decoding=\"async\" class=\"wp-image-12182  alignright\" src=\"https:\/\/www.milesi.com\/wp-content\/uploads\/2021\/01\/FotoStorica_x2_bw_web-816x1024.jpg\" alt=\"\" width=\"528\" height=\"662\" srcset=\"https:\/\/www.milesi.com\/wp-content\/uploads\/2021\/01\/FotoStorica_x2_bw_web-816x1024.jpg 816w, https:\/\/www.milesi.com\/wp-content\/uploads\/2021\/01\/FotoStorica_x2_bw_web-600x753.jpg 600w, https:\/\/www.milesi.com\/wp-content\/uploads\/2021\/01\/FotoStorica_x2_bw_web-239x300.jpg 239w, https:\/\/www.milesi.com\/wp-content\/uploads\/2021\/01\/FotoStorica_x2_bw_web-768x964.jpg 768w, https:\/\/www.milesi.com\/wp-content\/uploads\/2021\/01\/FotoStorica_x2_bw_web-19x24.jpg 19w, https:\/\/www.milesi.com\/wp-content\/uploads\/2021\/01\/FotoStorica_x2_bw_web-29x36.jpg 29w, https:\/\/www.milesi.com\/wp-content\/uploads\/2021\/01\/FotoStorica_x2_bw_web-204x256.jpg 204w, https:\/\/www.milesi.com\/wp-content\/uploads\/2021\/01\/FotoStorica_x2_bw_web.jpg 823w\" sizes=\"(max-width: 528px) 100vw, 528px\" \/>1970<\/strong><\/p>\r\n\r\n\r\n\r\n<p style=\"text-align: justify;\">En 1970, les deux beaux-fr\u00e8res <strong>Adriano Teso<\/strong> et <strong>Massimo Milesi<\/strong>, d\u00e9j\u00e0\u00a0 propri\u00e9taires de Milesi S.p.A., fondent le Groupe IVM, dans le but de d\u00e9velopper l\u2019activit\u00e9 dans le secteur de la chimie et rationnaliser la participation actionnariale.<\/p>\r\n\r\n\r\n\r\n<p style=\"text-align: justify;\">Depuis sa fondation, le Groupe IVM a toujours connu les m\u00eames propri\u00e9taires. La stabilit\u00e9 du management et des collaborateurs qui en a r\u00e9sult\u00e9 a donn\u00e9 vie \u00e0 une organisation compos\u00e9e des plus grands experts dans le secteur des vernis pour le bois et l\u2019habitat.<\/p>\r\n\r\n\r\n\r\n<p style=\"text-align: justify;\">Aujourd\u2019hui il est dirig\u00e9 par <strong>Federica Teso<\/strong>, ni\u00e8ce du fondateur <strong>Gugliemo Milesi<\/strong>.<\/p>\r\n<p>&nbsp;<\/p>\r\n<p style=\"text-align: justify;\"><strong>1971<\/strong><\/p>\r\n<p>\r\n\r\n<\/p>\r\n<p style=\"text-align: justify;\">A partir de 1971 s\u2019ouvre la p\u00e9riode d\u2019internationalisation du Groupe, avec la cr\u00e9ation en 1975 de la premi\u00e8re filiale du Groupe , Milesi France, d\u00e9di\u00e9e \u00e0 la distribution des produits et services Milesi en dehors de l\u2019Italie.<\/p>\r\n<p>\r\n\r\n<\/p>\r\n<p style=\"text-align: justify;\">Suit la fondation des filiales<br \/>Industrias Quimicas IVM SA en 1984 en Espagne \u00e0 Torrent (Valencia)<br \/>IVM Chemicals GmBH en 1990 en Allemagne \u00e0 Herrenberg<br \/>Milesi Vernis Hellas Srl en 2001 en Gr\u00e8ce \u00e0 Ath\u00e8nes<br \/>IVM Chemicals SP.z.o.o en 2007 en Pologne\u00a0 \u00e0 Varsovie<\/p>\r\n<p>\r\n\r\n<\/p>\r\n<p style=\"text-align: justify;\">Pour offrir au monde de l\u2019ameublement et de l\u2019habitat des solutions compl\u00e8tes, Milesi d\u00e9cide de compl\u00e9ter progressivement son offre de vernis pour bois, sa sp\u00e9cialit\u00e9,avec des vernis pour papier, PVC et mati\u00e8res plastiques, m\u00e9tal, impression digitale, verre et marbre.<\/p>\r\n<p>&nbsp;<\/p>\r\n\r\n\r\n\r\n\r\n\r\n\r\n\r\n\r\n\r\n\r\n\r\n\r\n\r\n<p><strong>2001<\/strong><br \/>En 2001 le Groupe IVM construit le site ultramoderne de Parona, sur une surface de 15 hectares, \u00e0 l\u2019ouest de Milan en Italie.<\/p>\r\n\r\n\r\n\r\n<p>Par ses dimensions, son identit\u00e9 architecturale, et par les fabrications dont la qualit\u00e9 et la constance sont garanties par des proc\u00e9d\u00e9s certifi\u00e9s, c\u2019est l\u2019un des sites les plus importants, modernes et innovants au monde pour la fabrication de vernis.<br \/><br \/><strong>2015<\/strong><br \/>C\u2019est la constitution de IVM Chemicals Inc. dont le si\u00e8ge est \u00e0 Chicago, avec l\u2019ambition d\u2019offrir aux utilisateurs am\u00e9ricains et canadiens les produits et les services qui ont fait de Milesi la marque de r\u00e9f\u00e9rence dans les vernis pour le bois et l\u2019habitat.<\/p>\r\n<p>&nbsp;<\/p>\r\n<p><img loading=\"lazy\" decoding=\"async\" class=\"wp-image-13229 size-large aligncenter\" src=\"https:\/\/www.milesi.com\/wp-content\/uploads\/2021\/02\/IVM-Group-1024x342.jpg\" alt=\"\" width=\"1024\" height=\"342\" srcset=\"https:\/\/www.milesi.com\/wp-content\/uploads\/2021\/02\/IVM-Group-1024x342.jpg 1024w, https:\/\/www.milesi.com\/wp-content\/uploads\/2021\/02\/IVM-Group-600x200.jpg 600w, https:\/\/www.milesi.com\/wp-content\/uploads\/2021\/02\/IVM-Group-300x100.jpg 300w, https:\/\/www.milesi.com\/wp-content\/uploads\/2021\/02\/IVM-Group-768x257.jpg 768w, https:\/\/www.milesi.com\/wp-content\/uploads\/2021\/02\/IVM-Group-24x8.jpg 24w, https:\/\/www.milesi.com\/wp-content\/uploads\/2021\/02\/IVM-Group-36x12.jpg 36w, https:\/\/www.milesi.com\/wp-content\/uploads\/2021\/02\/IVM-Group-256x86.jpg 256w, https:\/\/www.milesi.com\/wp-content\/uploads\/2021\/02\/IVM-Group.jpg 1500w\" sizes=\"(max-width: 1024px) 100vw, 1024px\" \/><\/p>\r\n<p>&nbsp;<\/p>\r\n","protected":false},"excerpt":{"rendered":"<p>Milesi est une marque du Groupe international IVM, l\u2019un des leaders les plus importants d\u2019Europe et du monde, sp\u00e9cialis\u00e9 dans les vernis pour bois et pour l\u2019habitat.\u00a0 Son Histoire commence en 1947. &nbsp; 1947-1970 Les produits Milesi sont n\u00e9s \u00e0 Milan, r\u00e9gion reconnue dans le monde entier comme le berceau de l\u2019excellence dans le secteur [&hellip;]<\/p>\n","protected":false},"author":5,"featured_media":9566,"parent":0,"menu_order":80,"comment_status":"closed","ping_status":"closed","template":"","meta":{"_et_pb_use_builder":"off","_et_pb_old_content":"","_et_gb_content_width":"","footnotes":""},"class_list":["post-10104","page","type-page","status-publish","has-post-thumbnail","hentry"],"yoast_head":"<!-- This site is optimized with the Yoast SEO plugin v27.3 - https:\/\/yoast.com\/product\/yoast-seo-wordpress\/ -->\n<title>Notre Histoire - Milesi<\/title>\n<meta name=\"robots\" content=\"index, follow, max-snippet:-1, max-image-preview:large, max-video-preview:-1\" \/>\n<link rel=\"canonical\" href=\"https:\/\/www.milesi.com\/fr\/notre-histoire\/\" \/>\n<meta property=\"og:locale\" content=\"fr_FR\" \/>\n<meta property=\"og:type\" content=\"article\" \/>\n<meta property=\"og:title\" content=\"Notre Histoire - Milesi\" \/>\n<meta property=\"og:description\" content=\"Milesi est une marque du Groupe international IVM, l\u2019un des leaders les plus importants d\u2019Europe et du monde, sp\u00e9cialis\u00e9 dans les vernis pour bois et pour l\u2019habitat.\u00a0 Son Histoire commence en 1947. &nbsp; 1947-1970 Les produits Milesi sont n\u00e9s \u00e0 Milan, r\u00e9gion reconnue dans le monde entier comme le berceau de l\u2019excellence dans le secteur [&hellip;]\" \/>\n<meta property=\"og:url\" content=\"https:\/\/www.milesi.com\/fr\/notre-histoire\/\" \/>\n<meta property=\"og:site_name\" content=\"Milesi\" \/>\n<meta property=\"article:publisher\" content=\"https:\/\/www.facebook.com\/MilesiVernici\" \/>\n<meta property=\"article:modified_time\" content=\"2021-02-26T09:11:25+00:00\" \/>\n<meta property=\"og:image\" content=\"https:\/\/www.milesi.com\/wp-content\/uploads\/2020\/08\/FotoStorica_latte_bordoRD-1.jpg\" \/>\n\t<meta property=\"og:image:width\" content=\"388\" \/>\n\t<meta property=\"og:image:height\" content=\"237\" \/>\n\t<meta property=\"og:image:type\" content=\"image\/jpeg\" \/>\n<meta name=\"twitter:card\" content=\"summary_large_image\" \/>\n<meta name=\"twitter:label1\" content=\"Dur\u00e9e de lecture estim\u00e9e\" \/>\n\t<meta name=\"twitter:data1\" content=\"3 minutes\" \/>\n<script type=\"application\/ld+json\" class=\"yoast-schema-graph\">{\"@context\":\"https:\\\/\\\/schema.org\",\"@graph\":[{\"@type\":\"WebPage\",\"@id\":\"https:\\\/\\\/www.milesi.com\\\/fr\\\/notre-histoire\\\/\",\"url\":\"https:\\\/\\\/www.milesi.com\\\/fr\\\/notre-histoire\\\/\",\"name\":\"Notre Histoire - Milesi\",\"isPartOf\":{\"@id\":\"https:\\\/\\\/www.milesi.com\\\/fr\\\/#website\"},\"primaryImageOfPage\":{\"@id\":\"https:\\\/\\\/www.milesi.com\\\/fr\\\/notre-histoire\\\/#primaryimage\"},\"image\":{\"@id\":\"https:\\\/\\\/www.milesi.com\\\/fr\\\/notre-histoire\\\/#primaryimage\"},\"thumbnailUrl\":\"https:\\\/\\\/www.milesi.com\\\/wp-content\\\/uploads\\\/2020\\\/08\\\/FotoStorica_latte_bordoRD-1.jpg\",\"datePublished\":\"2020-09-21T06:35:08+00:00\",\"dateModified\":\"2021-02-26T09:11:25+00:00\",\"breadcrumb\":{\"@id\":\"https:\\\/\\\/www.milesi.com\\\/fr\\\/notre-histoire\\\/#breadcrumb\"},\"inLanguage\":\"fr-FR\",\"potentialAction\":[{\"@type\":\"ReadAction\",\"target\":[\"https:\\\/\\\/www.milesi.com\\\/fr\\\/notre-histoire\\\/\"]}]},{\"@type\":\"ImageObject\",\"inLanguage\":\"fr-FR\",\"@id\":\"https:\\\/\\\/www.milesi.com\\\/fr\\\/notre-histoire\\\/#primaryimage\",\"url\":\"https:\\\/\\\/www.milesi.com\\\/wp-content\\\/uploads\\\/2020\\\/08\\\/FotoStorica_latte_bordoRD-1.jpg\",\"contentUrl\":\"https:\\\/\\\/www.milesi.com\\\/wp-content\\\/uploads\\\/2020\\\/08\\\/FotoStorica_latte_bordoRD-1.jpg\",\"width\":388,\"height\":237,\"caption\":\"Vernici per legno Milesi in latte d\u2019epoca\"},{\"@type\":\"BreadcrumbList\",\"@id\":\"https:\\\/\\\/www.milesi.com\\\/fr\\\/notre-histoire\\\/#breadcrumb\",\"itemListElement\":[{\"@type\":\"ListItem\",\"position\":1,\"name\":\"Milesi - Vernis pour bois\",\"item\":\"https:\\\/\\\/www.milesi.com\\\/fr\\\/\"},{\"@type\":\"ListItem\",\"position\":2,\"name\":\"Notre Histoire\"}]},{\"@type\":\"WebSite\",\"@id\":\"https:\\\/\\\/www.milesi.com\\\/fr\\\/#website\",\"url\":\"https:\\\/\\\/www.milesi.com\\\/fr\\\/\",\"name\":\"Milesi Vernici per il legno\",\"description\":\"Vernis pour bois\",\"publisher\":{\"@id\":\"https:\\\/\\\/www.milesi.com\\\/fr\\\/#organization\"},\"alternateName\":\"Milesi\",\"potentialAction\":[{\"@type\":\"SearchAction\",\"target\":{\"@type\":\"EntryPoint\",\"urlTemplate\":\"https:\\\/\\\/www.milesi.com\\\/fr\\\/?s={search_term_string}\"},\"query-input\":{\"@type\":\"PropertyValueSpecification\",\"valueRequired\":true,\"valueName\":\"search_term_string\"}}],\"inLanguage\":\"fr-FR\"},{\"@type\":\"Organization\",\"@id\":\"https:\\\/\\\/www.milesi.com\\\/fr\\\/#organization\",\"name\":\"Milesi Vernici\",\"alternateName\":\"Milesi\",\"url\":\"https:\\\/\\\/www.milesi.com\\\/fr\\\/\",\"logo\":{\"@type\":\"ImageObject\",\"inLanguage\":\"fr-FR\",\"@id\":\"https:\\\/\\\/www.milesi.com\\\/fr\\\/#\\\/schema\\\/logo\\\/image\\\/\",\"url\":\"https:\\\/\\\/www.milesi.com\\\/wp-content\\\/uploads\\\/2022\\\/12\\\/milesi-web.png\",\"contentUrl\":\"https:\\\/\\\/www.milesi.com\\\/wp-content\\\/uploads\\\/2022\\\/12\\\/milesi-web.png\",\"width\":100,\"height\":101,\"caption\":\"Milesi Vernici\"},\"image\":{\"@id\":\"https:\\\/\\\/www.milesi.com\\\/fr\\\/#\\\/schema\\\/logo\\\/image\\\/\"},\"sameAs\":[\"https:\\\/\\\/www.facebook.com\\\/MilesiVernici\",\"https:\\\/\\\/www.youtube.com\\\/channel\\\/UCgULN6yzPgE9usmMi3CP5hQ\",\"https:\\\/\\\/www.instagram.com\\\/milesiverniciperlegno\\\/\",\"https:\\\/\\\/vimeo.com\\\/user117001108\",\"https:\\\/\\\/www.linkedin.com\\\/company\\\/milesiwoodcoatings\\\/\"]}]}<\/script>\n<!-- \/ Yoast SEO plugin. -->","yoast_head_json":{"title":"Notre Histoire - Milesi","robots":{"index":"index","follow":"follow","max-snippet":"max-snippet:-1","max-image-preview":"max-image-preview:large","max-video-preview":"max-video-preview:-1"},"canonical":"https:\/\/www.milesi.com\/fr\/notre-histoire\/","og_locale":"fr_FR","og_type":"article","og_title":"Notre Histoire - Milesi","og_description":"Milesi est une marque du Groupe international IVM, l\u2019un des leaders les plus importants d\u2019Europe et du monde, sp\u00e9cialis\u00e9 dans les vernis pour bois et pour l\u2019habitat.\u00a0 Son Histoire commence en 1947. &nbsp; 1947-1970 Les produits Milesi sont n\u00e9s \u00e0 Milan, r\u00e9gion reconnue dans le monde entier comme le berceau de l\u2019excellence dans le secteur [&hellip;]","og_url":"https:\/\/www.milesi.com\/fr\/notre-histoire\/","og_site_name":"Milesi","article_publisher":"https:\/\/www.facebook.com\/MilesiVernici","article_modified_time":"2021-02-26T09:11:25+00:00","og_image":[{"width":388,"height":237,"url":"https:\/\/www.milesi.com\/wp-content\/uploads\/2020\/08\/FotoStorica_latte_bordoRD-1.jpg","type":"image\/jpeg"}],"twitter_card":"summary_large_image","twitter_misc":{"Dur\u00e9e de lecture estim\u00e9e":"3 minutes"},"schema":{"@context":"https:\/\/schema.org","@graph":[{"@type":"WebPage","@id":"https:\/\/www.milesi.com\/fr\/notre-histoire\/","url":"https:\/\/www.milesi.com\/fr\/notre-histoire\/","name":"Notre Histoire - Milesi","isPartOf":{"@id":"https:\/\/www.milesi.com\/fr\/#website"},"primaryImageOfPage":{"@id":"https:\/\/www.milesi.com\/fr\/notre-histoire\/#primaryimage"},"image":{"@id":"https:\/\/www.milesi.com\/fr\/notre-histoire\/#primaryimage"},"thumbnailUrl":"https:\/\/www.milesi.com\/wp-content\/uploads\/2020\/08\/FotoStorica_latte_bordoRD-1.jpg","datePublished":"2020-09-21T06:35:08+00:00","dateModified":"2021-02-26T09:11:25+00:00","breadcrumb":{"@id":"https:\/\/www.milesi.com\/fr\/notre-histoire\/#breadcrumb"},"inLanguage":"fr-FR","potentialAction":[{"@type":"ReadAction","target":["https:\/\/www.milesi.com\/fr\/notre-histoire\/"]}]},{"@type":"ImageObject","inLanguage":"fr-FR","@id":"https:\/\/www.milesi.com\/fr\/notre-histoire\/#primaryimage","url":"https:\/\/www.milesi.com\/wp-content\/uploads\/2020\/08\/FotoStorica_latte_bordoRD-1.jpg","contentUrl":"https:\/\/www.milesi.com\/wp-content\/uploads\/2020\/08\/FotoStorica_latte_bordoRD-1.jpg","width":388,"height":237,"caption":"Vernici per legno Milesi in latte d\u2019epoca"},{"@type":"BreadcrumbList","@id":"https:\/\/www.milesi.com\/fr\/notre-histoire\/#breadcrumb","itemListElement":[{"@type":"ListItem","position":1,"name":"Milesi - Vernis pour bois","item":"https:\/\/www.milesi.com\/fr\/"},{"@type":"ListItem","position":2,"name":"Notre Histoire"}]},{"@type":"WebSite","@id":"https:\/\/www.milesi.com\/fr\/#website","url":"https:\/\/www.milesi.com\/fr\/","name":"Milesi Vernici per il legno","description":"Vernis pour bois","publisher":{"@id":"https:\/\/www.milesi.com\/fr\/#organization"},"alternateName":"Milesi","potentialAction":[{"@type":"SearchAction","target":{"@type":"EntryPoint","urlTemplate":"https:\/\/www.milesi.com\/fr\/?s={search_term_string}"},"query-input":{"@type":"PropertyValueSpecification","valueRequired":true,"valueName":"search_term_string"}}],"inLanguage":"fr-FR"},{"@type":"Organization","@id":"https:\/\/www.milesi.com\/fr\/#organization","name":"Milesi Vernici","alternateName":"Milesi","url":"https:\/\/www.milesi.com\/fr\/","logo":{"@type":"ImageObject","inLanguage":"fr-FR","@id":"https:\/\/www.milesi.com\/fr\/#\/schema\/logo\/image\/","url":"https:\/\/www.milesi.com\/wp-content\/uploads\/2022\/12\/milesi-web.png","contentUrl":"https:\/\/www.milesi.com\/wp-content\/uploads\/2022\/12\/milesi-web.png","width":100,"height":101,"caption":"Milesi Vernici"},"image":{"@id":"https:\/\/www.milesi.com\/fr\/#\/schema\/logo\/image\/"},"sameAs":["https:\/\/www.facebook.com\/MilesiVernici","https:\/\/www.youtube.com\/channel\/UCgULN6yzPgE9usmMi3CP5hQ","https:\/\/www.instagram.com\/milesiverniciperlegno\/","https:\/\/vimeo.com\/user117001108","https:\/\/www.linkedin.com\/company\/milesiwoodcoatings\/"]}]}},"_links":{"self":[{"href":"https:\/\/www.milesi.com\/fr\/wp-json\/wp\/v2\/pages\/10104","targetHints":{"allow":["GET"]}}],"collection":[{"href":"https:\/\/www.milesi.com\/fr\/wp-json\/wp\/v2\/pages"}],"about":[{"href":"https:\/\/www.milesi.com\/fr\/wp-json\/wp\/v2\/types\/page"}],"author":[{"embeddable":true,"href":"https:\/\/www.milesi.com\/fr\/wp-json\/wp\/v2\/users\/5"}],"replies":[{"embeddable":true,"href":"https:\/\/www.milesi.com\/fr\/wp-json\/wp\/v2\/comments?post=10104"}],"version-history":[{"count":0,"href":"https:\/\/www.milesi.com\/fr\/wp-json\/wp\/v2\/pages\/10104\/revisions"}],"wp:featuredmedia":[{"embeddable":true,"href":"https:\/\/www.milesi.com\/fr\/wp-json\/wp\/v2\/media\/9566"}],"wp:attachment":[{"href":"https:\/\/www.milesi.com\/fr\/wp-json\/wp\/v2\/media?parent=10104"}],"curies":[{"name":"wp","href":"https:\/\/api.w.org\/{rel}","templated":true}]}}