{"id":10725,"date":"2020-09-25T18:19:05","date_gmt":"2020-09-25T16:19:05","guid":{"rendered":"http:\/\/www.milesi.com\/?page_id=10725"},"modified":"2021-02-26T09:39:54","modified_gmt":"2021-02-26T08:39:54","slug":"notre-mobilisation-en-faveur-de-environnement","status":"publish","type":"page","link":"https:\/\/www.milesi.com\/fr\/notre-mobilisation-en-faveur-de-environnement\/","title":{"rendered":"Notre mobilisation en faveur de l\u2019Environnement"},"content":{"rendered":"<p><img loading=\"lazy\" decoding=\"async\" class=\"wp-image-13678 alignleft\" src=\"https:\/\/www.milesi.com\/wp-content\/uploads\/2021\/02\/Ambiente-quadrata-ombra-2-1024x1024.jpg\" alt=\"\" width=\"460\" height=\"460\" srcset=\"https:\/\/www.milesi.com\/wp-content\/uploads\/2021\/02\/Ambiente-quadrata-ombra-2-1024x1024.jpg 1024w, https:\/\/www.milesi.com\/wp-content\/uploads\/2021\/02\/Ambiente-quadrata-ombra-2-600x600.jpg 600w, https:\/\/www.milesi.com\/wp-content\/uploads\/2021\/02\/Ambiente-quadrata-ombra-2-100x100.jpg 100w, https:\/\/www.milesi.com\/wp-content\/uploads\/2021\/02\/Ambiente-quadrata-ombra-2-300x300.jpg 300w, https:\/\/www.milesi.com\/wp-content\/uploads\/2021\/02\/Ambiente-quadrata-ombra-2-150x150.jpg 150w, https:\/\/www.milesi.com\/wp-content\/uploads\/2021\/02\/Ambiente-quadrata-ombra-2-768x768.jpg 768w, https:\/\/www.milesi.com\/wp-content\/uploads\/2021\/02\/Ambiente-quadrata-ombra-2-24x24.jpg 24w, https:\/\/www.milesi.com\/wp-content\/uploads\/2021\/02\/Ambiente-quadrata-ombra-2-36x36.jpg 36w, https:\/\/www.milesi.com\/wp-content\/uploads\/2021\/02\/Ambiente-quadrata-ombra-2-256x256.jpg 256w, https:\/\/www.milesi.com\/wp-content\/uploads\/2021\/02\/Ambiente-quadrata-ombra-2.jpg 1200w\" sizes=\"(max-width: 460px) 100vw, 460px\" \/><span style=\"text-decoration: underline;\"><a href=\"http:\/\/www.ivmgroup.com\" target=\"_blank\" rel=\"noopener\">Le <strong>Groupe IVM<\/strong><\/a><\/span> est depuis toujours soucieux de d\u00e9velopper son activit\u00e9 dans une <strong>attention constante \u00e0 l\u2019am\u00e9lioration de la s\u00e9curit\u00e9, de la protection de la sant\u00e9 et de l\u2019environnement, et de l\u2019impact environnemental de ses proc\u00e9d\u00e9s, produits et services.<\/strong> Ses Directions et tous ses collaborateurs sont conscients de cette attention. En particulier:<\/p>\n<ul>\n<li>Ils \u00e9valuent avec attention l\u2019impact r\u00e9el que peuvent avoir toutes ses activit\u00e9s de production, commerciales sur la s\u00e9curit\u00e9 et sur la sant\u00e9 de ses employ\u00e9s, de ses clients, du public et de l\u2019environnement en g\u00e9n\u00e9ral, en d\u00e9finissant des mod\u00e8les comportementaux et en mettant en \u0153uvre des pratiques industrielles qui r\u00e9duisent au maximum tous les types de risques.<\/li>\n<li>Ils rendent disponibles toutes les informations qui se rapportent aux aspects de s\u00e9curit\u00e9, sant\u00e9 et environnement, et collaborent activement avec toutes les autorit\u00e9s et organismes comp\u00e9tents \u00e0 la d\u00e9finition et au d\u00e9veloppement de solutions qui am\u00e9liorent la s\u00e9curit\u00e9 et la protection de la sant\u00e9 et de l\u2019environnement<\/li>\n<li>\u00e0 ses clients, ils fournissent des conseils d\u2019utilisation, de transport, et pour la destruction des produits et d\u00e9chets dans le respect de la s\u00e9curit\u00e9, de la sant\u00e9 et de l\u2019environnement.<\/li>\n<\/ul>\n<p><img loading=\"lazy\" decoding=\"async\" class=\"wp-image-13218 alignright\" src=\"https:\/\/www.milesi.com\/wp-content\/uploads\/2021\/02\/parona_1-1024x1024.jpg\" alt=\"\" width=\"411\" height=\"411\" srcset=\"https:\/\/www.milesi.com\/wp-content\/uploads\/2021\/02\/parona_1-1024x1024.jpg 1024w, https:\/\/www.milesi.com\/wp-content\/uploads\/2021\/02\/parona_1-600x600.jpg 600w, https:\/\/www.milesi.com\/wp-content\/uploads\/2021\/02\/parona_1-100x100.jpg 100w, https:\/\/www.milesi.com\/wp-content\/uploads\/2021\/02\/parona_1-300x300.jpg 300w, https:\/\/www.milesi.com\/wp-content\/uploads\/2021\/02\/parona_1-150x150.jpg 150w, https:\/\/www.milesi.com\/wp-content\/uploads\/2021\/02\/parona_1-768x768.jpg 768w, https:\/\/www.milesi.com\/wp-content\/uploads\/2021\/02\/parona_1-24x24.jpg 24w, https:\/\/www.milesi.com\/wp-content\/uploads\/2021\/02\/parona_1-36x36.jpg 36w, https:\/\/www.milesi.com\/wp-content\/uploads\/2021\/02\/parona_1-256x256.jpg 256w, https:\/\/www.milesi.com\/wp-content\/uploads\/2021\/02\/parona_1.jpg 1200w\" sizes=\"(max-width: 411px) 100vw, 411px\" \/><\/p>\n<p>&nbsp;<\/p>\n<p><strong>Le site de Parona, sur lequel sont fabriqu\u00e9s les produits Milesi, a \u00e9t\u00e9 projet\u00e9 et\u00a0 construit pour garantir des standards de production parmi<\/strong><\/p>\n<p><strong>\u00a0les plus exigeants du monde dans le respect d\u2019un d\u00e9veloppement durable<\/strong>.<\/p>\n<p>La fabrication se fait sans rejets ni \u00e9missions polluantes dans l\u2019atmosph\u00e8re\u00a0: tous les proc\u00e9d\u00e9s, depuis l\u2019entr\u00e9e des mati\u00e8res premi\u00e8res, sont g\u00e9r\u00e9s en vase clos\u00a0; dans les phases finales de conditionnement, la totalit\u00e9 de l\u2019air provenant des proc\u00e9d\u00e9s de remplissage des produits dans les emballages est capt\u00e9e et \u00ab\u00a0\u00e9pur\u00e9e\u00a0\u00bb par un proc\u00e9d\u00e9 cryog\u00e9nique complexe, et est ensuite remise \u00e0 l\u2019atmosph\u00e8re d\u00e9barrass\u00e9e de ses compos\u00e9s organiques volatils (COV).<\/p>\n<p>L\u2019automatisation extr\u00eame des ateliers permet de minimiser le contact des op\u00e9rateurs avec le mat\u00e9riel et les \u00e9quipements industriels, r\u00e9duisant ainsi sensiblement leur exposition \u00e0 de possibles dangers.<\/p>\n","protected":false},"excerpt":{"rendered":"<p>Le Groupe IVM est depuis toujours soucieux de d\u00e9velopper son activit\u00e9 dans une attention constante \u00e0 l\u2019am\u00e9lioration de la s\u00e9curit\u00e9, de la protection de la sant\u00e9 et de l\u2019environnement, et de l\u2019impact environnemental de ses proc\u00e9d\u00e9s, produits et services. Ses Directions et tous ses collaborateurs sont conscients de cette attention. En particulier: Ils \u00e9valuent avec [&hellip;]<\/p>\n","protected":false},"author":5,"featured_media":0,"parent":0,"menu_order":60,"comment_status":"closed","ping_status":"closed","template":"","meta":{"_et_pb_use_builder":"","_et_pb_old_content":"","_et_gb_content_width":"","footnotes":""},"class_list":["post-10725","page","type-page","status-publish","hentry"],"yoast_head":"<!-- This site is optimized with the Yoast SEO plugin v27.3 - https:\/\/yoast.com\/product\/yoast-seo-wordpress\/ -->\n<title>Notre mobilisation en faveur de l\u2019Environnement - Milesi<\/title>\n<meta name=\"robots\" content=\"noindex, follow\" \/>\n<meta property=\"og:locale\" content=\"fr_FR\" \/>\n<meta property=\"og:type\" content=\"article\" \/>\n<meta property=\"og:title\" content=\"Notre mobilisation en faveur de l\u2019Environnement - Milesi\" \/>\n<meta property=\"og:description\" content=\"Le Groupe IVM est depuis toujours soucieux de d\u00e9velopper son activit\u00e9 dans une attention constante \u00e0 l\u2019am\u00e9lioration de la s\u00e9curit\u00e9, de la protection de la sant\u00e9 et de l\u2019environnement, et de l\u2019impact environnemental de ses proc\u00e9d\u00e9s, produits et services. Ses Directions et tous ses collaborateurs sont conscients de cette attention. En particulier: Ils \u00e9valuent avec [&hellip;]\" \/>\n<meta property=\"og:url\" content=\"https:\/\/www.milesi.com\/fr\/notre-mobilisation-en-faveur-de-environnement\/\" \/>\n<meta property=\"og:site_name\" content=\"Milesi\" \/>\n<meta property=\"article:publisher\" content=\"https:\/\/www.facebook.com\/MilesiVernici\" \/>\n<meta property=\"article:modified_time\" content=\"2021-02-26T08:39:54+00:00\" \/>\n<meta property=\"og:image\" content=\"https:\/\/www.milesi.com\/wp-content\/uploads\/2021\/02\/Ambiente-quadrata-ombra-2-1024x1024.jpg\" \/>\n<meta name=\"twitter:card\" content=\"summary_large_image\" \/>\n<meta name=\"twitter:label1\" content=\"Dur\u00e9e de lecture estim\u00e9e\" \/>\n\t<meta name=\"twitter:data1\" content=\"2 minutes\" \/>\n<script type=\"application\/ld+json\" class=\"yoast-schema-graph\">{\"@context\":\"https:\\\/\\\/schema.org\",\"@graph\":[{\"@type\":\"WebPage\",\"@id\":\"https:\\\/\\\/www.milesi.com\\\/fr\\\/notre-mobilisation-en-faveur-de-environnement\\\/\",\"url\":\"https:\\\/\\\/www.milesi.com\\\/fr\\\/notre-mobilisation-en-faveur-de-environnement\\\/\",\"name\":\"Notre mobilisation en faveur de l\u2019Environnement - Milesi\",\"isPartOf\":{\"@id\":\"https:\\\/\\\/www.milesi.com\\\/fr\\\/#website\"},\"primaryImageOfPage\":{\"@id\":\"https:\\\/\\\/www.milesi.com\\\/fr\\\/notre-mobilisation-en-faveur-de-environnement\\\/#primaryimage\"},\"image\":{\"@id\":\"https:\\\/\\\/www.milesi.com\\\/fr\\\/notre-mobilisation-en-faveur-de-environnement\\\/#primaryimage\"},\"thumbnailUrl\":\"https:\\\/\\\/www.milesi.com\\\/wp-content\\\/uploads\\\/2021\\\/02\\\/Ambiente-quadrata-ombra-2-1024x1024.jpg\",\"datePublished\":\"2020-09-25T16:19:05+00:00\",\"dateModified\":\"2021-02-26T08:39:54+00:00\",\"breadcrumb\":{\"@id\":\"https:\\\/\\\/www.milesi.com\\\/fr\\\/notre-mobilisation-en-faveur-de-environnement\\\/#breadcrumb\"},\"inLanguage\":\"fr-FR\",\"potentialAction\":[{\"@type\":\"ReadAction\",\"target\":[\"https:\\\/\\\/www.milesi.com\\\/fr\\\/notre-mobilisation-en-faveur-de-environnement\\\/\"]}]},{\"@type\":\"ImageObject\",\"inLanguage\":\"fr-FR\",\"@id\":\"https:\\\/\\\/www.milesi.com\\\/fr\\\/notre-mobilisation-en-faveur-de-environnement\\\/#primaryimage\",\"url\":\"https:\\\/\\\/www.milesi.com\\\/wp-content\\\/uploads\\\/2021\\\/02\\\/Ambiente-quadrata-ombra-2-1024x1024.jpg\",\"contentUrl\":\"https:\\\/\\\/www.milesi.com\\\/wp-content\\\/uploads\\\/2021\\\/02\\\/Ambiente-quadrata-ombra-2-1024x1024.jpg\"},{\"@type\":\"BreadcrumbList\",\"@id\":\"https:\\\/\\\/www.milesi.com\\\/fr\\\/notre-mobilisation-en-faveur-de-environnement\\\/#breadcrumb\",\"itemListElement\":[{\"@type\":\"ListItem\",\"position\":1,\"name\":\"Milesi - Vernis pour bois\",\"item\":\"https:\\\/\\\/www.milesi.com\\\/fr\\\/\"},{\"@type\":\"ListItem\",\"position\":2,\"name\":\"Notre mobilisation en faveur de l\u2019Environnement\"}]},{\"@type\":\"WebSite\",\"@id\":\"https:\\\/\\\/www.milesi.com\\\/fr\\\/#website\",\"url\":\"https:\\\/\\\/www.milesi.com\\\/fr\\\/\",\"name\":\"Milesi Vernici per il legno\",\"description\":\"Vernis pour bois\",\"publisher\":{\"@id\":\"https:\\\/\\\/www.milesi.com\\\/fr\\\/#organization\"},\"alternateName\":\"Milesi\",\"potentialAction\":[{\"@type\":\"SearchAction\",\"target\":{\"@type\":\"EntryPoint\",\"urlTemplate\":\"https:\\\/\\\/www.milesi.com\\\/fr\\\/?s={search_term_string}\"},\"query-input\":{\"@type\":\"PropertyValueSpecification\",\"valueRequired\":true,\"valueName\":\"search_term_string\"}}],\"inLanguage\":\"fr-FR\"},{\"@type\":\"Organization\",\"@id\":\"https:\\\/\\\/www.milesi.com\\\/fr\\\/#organization\",\"name\":\"Milesi Vernici\",\"alternateName\":\"Milesi\",\"url\":\"https:\\\/\\\/www.milesi.com\\\/fr\\\/\",\"logo\":{\"@type\":\"ImageObject\",\"inLanguage\":\"fr-FR\",\"@id\":\"https:\\\/\\\/www.milesi.com\\\/fr\\\/#\\\/schema\\\/logo\\\/image\\\/\",\"url\":\"https:\\\/\\\/www.milesi.com\\\/wp-content\\\/uploads\\\/2022\\\/12\\\/milesi-web.png\",\"contentUrl\":\"https:\\\/\\\/www.milesi.com\\\/wp-content\\\/uploads\\\/2022\\\/12\\\/milesi-web.png\",\"width\":100,\"height\":101,\"caption\":\"Milesi Vernici\"},\"image\":{\"@id\":\"https:\\\/\\\/www.milesi.com\\\/fr\\\/#\\\/schema\\\/logo\\\/image\\\/\"},\"sameAs\":[\"https:\\\/\\\/www.facebook.com\\\/MilesiVernici\",\"https:\\\/\\\/www.youtube.com\\\/channel\\\/UCgULN6yzPgE9usmMi3CP5hQ\",\"https:\\\/\\\/www.instagram.com\\\/milesiverniciperlegno\\\/\",\"https:\\\/\\\/vimeo.com\\\/user117001108\",\"https:\\\/\\\/www.linkedin.com\\\/company\\\/milesiwoodcoatings\\\/\"]}]}<\/script>\n<!-- \/ Yoast SEO plugin. -->","yoast_head_json":{"title":"Notre mobilisation en faveur de l\u2019Environnement - Milesi","robots":{"index":"noindex","follow":"follow"},"og_locale":"fr_FR","og_type":"article","og_title":"Notre mobilisation en faveur de l\u2019Environnement - Milesi","og_description":"Le Groupe IVM est depuis toujours soucieux de d\u00e9velopper son activit\u00e9 dans une attention constante \u00e0 l\u2019am\u00e9lioration de la s\u00e9curit\u00e9, de la protection de la sant\u00e9 et de l\u2019environnement, et de l\u2019impact environnemental de ses proc\u00e9d\u00e9s, produits et services. Ses Directions et tous ses collaborateurs sont conscients de cette attention. En particulier: Ils \u00e9valuent avec [&hellip;]","og_url":"https:\/\/www.milesi.com\/fr\/notre-mobilisation-en-faveur-de-environnement\/","og_site_name":"Milesi","article_publisher":"https:\/\/www.facebook.com\/MilesiVernici","article_modified_time":"2021-02-26T08:39:54+00:00","og_image":[{"url":"https:\/\/www.milesi.com\/wp-content\/uploads\/2021\/02\/Ambiente-quadrata-ombra-2-1024x1024.jpg","type":"","width":"","height":""}],"twitter_card":"summary_large_image","twitter_misc":{"Dur\u00e9e de lecture estim\u00e9e":"2 minutes"},"schema":{"@context":"https:\/\/schema.org","@graph":[{"@type":"WebPage","@id":"https:\/\/www.milesi.com\/fr\/notre-mobilisation-en-faveur-de-environnement\/","url":"https:\/\/www.milesi.com\/fr\/notre-mobilisation-en-faveur-de-environnement\/","name":"Notre mobilisation en faveur de l\u2019Environnement - Milesi","isPartOf":{"@id":"https:\/\/www.milesi.com\/fr\/#website"},"primaryImageOfPage":{"@id":"https:\/\/www.milesi.com\/fr\/notre-mobilisation-en-faveur-de-environnement\/#primaryimage"},"image":{"@id":"https:\/\/www.milesi.com\/fr\/notre-mobilisation-en-faveur-de-environnement\/#primaryimage"},"thumbnailUrl":"https:\/\/www.milesi.com\/wp-content\/uploads\/2021\/02\/Ambiente-quadrata-ombra-2-1024x1024.jpg","datePublished":"2020-09-25T16:19:05+00:00","dateModified":"2021-02-26T08:39:54+00:00","breadcrumb":{"@id":"https:\/\/www.milesi.com\/fr\/notre-mobilisation-en-faveur-de-environnement\/#breadcrumb"},"inLanguage":"fr-FR","potentialAction":[{"@type":"ReadAction","target":["https:\/\/www.milesi.com\/fr\/notre-mobilisation-en-faveur-de-environnement\/"]}]},{"@type":"ImageObject","inLanguage":"fr-FR","@id":"https:\/\/www.milesi.com\/fr\/notre-mobilisation-en-faveur-de-environnement\/#primaryimage","url":"https:\/\/www.milesi.com\/wp-content\/uploads\/2021\/02\/Ambiente-quadrata-ombra-2-1024x1024.jpg","contentUrl":"https:\/\/www.milesi.com\/wp-content\/uploads\/2021\/02\/Ambiente-quadrata-ombra-2-1024x1024.jpg"},{"@type":"BreadcrumbList","@id":"https:\/\/www.milesi.com\/fr\/notre-mobilisation-en-faveur-de-environnement\/#breadcrumb","itemListElement":[{"@type":"ListItem","position":1,"name":"Milesi - Vernis pour bois","item":"https:\/\/www.milesi.com\/fr\/"},{"@type":"ListItem","position":2,"name":"Notre mobilisation en faveur de l\u2019Environnement"}]},{"@type":"WebSite","@id":"https:\/\/www.milesi.com\/fr\/#website","url":"https:\/\/www.milesi.com\/fr\/","name":"Milesi Vernici per il legno","description":"Vernis pour bois","publisher":{"@id":"https:\/\/www.milesi.com\/fr\/#organization"},"alternateName":"Milesi","potentialAction":[{"@type":"SearchAction","target":{"@type":"EntryPoint","urlTemplate":"https:\/\/www.milesi.com\/fr\/?s={search_term_string}"},"query-input":{"@type":"PropertyValueSpecification","valueRequired":true,"valueName":"search_term_string"}}],"inLanguage":"fr-FR"},{"@type":"Organization","@id":"https:\/\/www.milesi.com\/fr\/#organization","name":"Milesi Vernici","alternateName":"Milesi","url":"https:\/\/www.milesi.com\/fr\/","logo":{"@type":"ImageObject","inLanguage":"fr-FR","@id":"https:\/\/www.milesi.com\/fr\/#\/schema\/logo\/image\/","url":"https:\/\/www.milesi.com\/wp-content\/uploads\/2022\/12\/milesi-web.png","contentUrl":"https:\/\/www.milesi.com\/wp-content\/uploads\/2022\/12\/milesi-web.png","width":100,"height":101,"caption":"Milesi Vernici"},"image":{"@id":"https:\/\/www.milesi.com\/fr\/#\/schema\/logo\/image\/"},"sameAs":["https:\/\/www.facebook.com\/MilesiVernici","https:\/\/www.youtube.com\/channel\/UCgULN6yzPgE9usmMi3CP5hQ","https:\/\/www.instagram.com\/milesiverniciperlegno\/","https:\/\/vimeo.com\/user117001108","https:\/\/www.linkedin.com\/company\/milesiwoodcoatings\/"]}]}},"_links":{"self":[{"href":"https:\/\/www.milesi.com\/fr\/wp-json\/wp\/v2\/pages\/10725","targetHints":{"allow":["GET"]}}],"collection":[{"href":"https:\/\/www.milesi.com\/fr\/wp-json\/wp\/v2\/pages"}],"about":[{"href":"https:\/\/www.milesi.com\/fr\/wp-json\/wp\/v2\/types\/page"}],"author":[{"embeddable":true,"href":"https:\/\/www.milesi.com\/fr\/wp-json\/wp\/v2\/users\/5"}],"replies":[{"embeddable":true,"href":"https:\/\/www.milesi.com\/fr\/wp-json\/wp\/v2\/comments?post=10725"}],"version-history":[{"count":0,"href":"https:\/\/www.milesi.com\/fr\/wp-json\/wp\/v2\/pages\/10725\/revisions"}],"wp:attachment":[{"href":"https:\/\/www.milesi.com\/fr\/wp-json\/wp\/v2\/media?parent=10725"}],"curies":[{"name":"wp","href":"https:\/\/api.w.org\/{rel}","templated":true}]}}