{"id":10664,"date":"2020-09-25T17:38:04","date_gmt":"2020-09-25T15:38:04","guid":{"rendered":"http:\/\/www.milesi.com\/?page_id=10664"},"modified":"2025-04-15T17:53:04","modified_gmt":"2025-04-15T15:53:04","slug":"nasze-zaangazowanie-na-rzecz-srodowiska-naturalnego","status":"publish","type":"page","link":"https:\/\/www.milesi.com\/pl\/nasze-zaangazowanie-na-rzecz-srodowiska-naturalnego\/","title":{"rendered":"Nasze Zaanga\u017cowanie na rzecz \u015arodowiska naturalnego"},"content":{"rendered":"<p>&nbsp;<\/p>\n<p><a href=\"http:\/\/www.ivmgroup.com\" target=\"_blank\" rel=\"noopener\"><img loading=\"lazy\" decoding=\"async\" class=\"wp-image-13680 alignleft\" src=\"https:\/\/www.milesi.com\/wp-content\/uploads\/2021\/02\/Ambiente-quadrata-ombra-2-1024x1024.jpg\" alt=\"\" width=\"518\" height=\"518\" srcset=\"https:\/\/www.milesi.com\/wp-content\/uploads\/2021\/02\/Ambiente-quadrata-ombra-2-1024x1024.jpg 1024w, https:\/\/www.milesi.com\/wp-content\/uploads\/2021\/02\/Ambiente-quadrata-ombra-2-600x600.jpg 600w, https:\/\/www.milesi.com\/wp-content\/uploads\/2021\/02\/Ambiente-quadrata-ombra-2-100x100.jpg 100w, https:\/\/www.milesi.com\/wp-content\/uploads\/2021\/02\/Ambiente-quadrata-ombra-2-300x300.jpg 300w, https:\/\/www.milesi.com\/wp-content\/uploads\/2021\/02\/Ambiente-quadrata-ombra-2-150x150.jpg 150w, https:\/\/www.milesi.com\/wp-content\/uploads\/2021\/02\/Ambiente-quadrata-ombra-2-768x768.jpg 768w, https:\/\/www.milesi.com\/wp-content\/uploads\/2021\/02\/Ambiente-quadrata-ombra-2-24x24.jpg 24w, https:\/\/www.milesi.com\/wp-content\/uploads\/2021\/02\/Ambiente-quadrata-ombra-2-36x36.jpg 36w, https:\/\/www.milesi.com\/wp-content\/uploads\/2021\/02\/Ambiente-quadrata-ombra-2-256x256.jpg 256w, https:\/\/www.milesi.com\/wp-content\/uploads\/2021\/02\/Ambiente-quadrata-ombra-2.jpg 1200w\" sizes=\"(max-width: 518px) 100vw, 518px\" \/><strong>Grupa IVM<\/strong><\/a>\u00a0 zawsze rozwija\u0142a swoj\u0105 dzia\u0142alno\u015b\u0107 <strong>zwracaj\u0105c sta\u0142\u0105 uwag\u0119<\/strong>\u00a0<strong> na popraw\u0119 bezpiecze\u0144stwa, zdrowia i ochrony \u015brodowiska oraz zmniejszenie wp\u0142ywu swoich proces\u00f3w, produkt\u00f3w i proponowanych technologii na \u015brodowisko. <\/strong>Zarz\u0105d i wszyscy wsp\u00f3\u0142pracownicy Grupy s\u0105 \u015bwiadomi tego zobowi\u0105zania.<\/p>\n<p>W szczeg\u00f3lno\u015bci Grupa podejmuje nast\u0119puj\u0105ce dzia\u0142ania:<\/p>\n<ul>\n<li>dok\u0142adnie ocenia rzeczywisty lub potencjalny wp\u0142yw, jaki ca\u0142a jej dzia\u0142alno\u015b\u0107 produkcyjna i handlowa mo\u017ce mie\u0107 na bezpiecze\u0144stwo i zdrowie pracownik\u00f3w, klient\u00f3w, spo\u0142ecze\u0144stwa oraz og\u00f3lnie &#8211; \u015brodowiska. Tak definiuj\u0105c modele zachowa\u0144 i dostosowuj\u0105c praktyki przemys\u0142owe, by maksymalnie zmniejszy\u0107 ryzyko.<\/li>\n<li>udost\u0119pnia wszystkie informacje dotycz\u0105ce aspekt\u00f3w bezpiecze\u0144stwa, zdrowia i \u015brodowiska oraz aktywnie wsp\u00f3\u0142pracuje ze wszystkimi w\u0142adzami i uprawnionymi organami w celu okre\u015blenia i opracowania \u015brodk\u00f3w poprawiaj\u0105cych bezpiecze\u0144stwo i ochron\u0119 zdrowia i \u015brodowiska.<\/li>\n<li>W stosunku za\u015b do klient\u00f3w:\u00a0 doradza w zakresie u\u017cytkowania, transportu i utylizacji produkt\u00f3w i ich pozosta\u0142o\u015bci z poszanowaniem bezpiecze\u0144stwa, zdrowia i \u015brodowiska<\/li>\n<\/ul>\n<p>&nbsp;<\/p>\n<p><img loading=\"lazy\" decoding=\"async\" class=\"wp-image-13220 alignright\" src=\"https:\/\/www.milesi.com\/wp-content\/uploads\/2021\/02\/parona_1-1024x1024.jpg\" alt=\"\" width=\"405\" height=\"405\" srcset=\"https:\/\/www.milesi.com\/wp-content\/uploads\/2021\/02\/parona_1-1024x1024.jpg 1024w, https:\/\/www.milesi.com\/wp-content\/uploads\/2021\/02\/parona_1-600x600.jpg 600w, https:\/\/www.milesi.com\/wp-content\/uploads\/2021\/02\/parona_1-100x100.jpg 100w, https:\/\/www.milesi.com\/wp-content\/uploads\/2021\/02\/parona_1-300x300.jpg 300w, https:\/\/www.milesi.com\/wp-content\/uploads\/2021\/02\/parona_1-150x150.jpg 150w, https:\/\/www.milesi.com\/wp-content\/uploads\/2021\/02\/parona_1-768x768.jpg 768w, https:\/\/www.milesi.com\/wp-content\/uploads\/2021\/02\/parona_1-24x24.jpg 24w, https:\/\/www.milesi.com\/wp-content\/uploads\/2021\/02\/parona_1-36x36.jpg 36w, https:\/\/www.milesi.com\/wp-content\/uploads\/2021\/02\/parona_1-256x256.jpg 256w, https:\/\/www.milesi.com\/wp-content\/uploads\/2021\/02\/parona_1.jpg 1200w\" sizes=\"(max-width: 405px) 100vw, 405px\" \/><\/p>\n<p><strong>Fabryka\u00a0 w Paronie, gdzie wytwarzane s\u0105 produkty Milesi, zosta\u0142a zaprojektowana i zbudowana tak, aby\u00a0zapewni\u0107 standardy produkcji jedne z najwy\u017cszych na \u015bwiecie zgodnie z zasad\u0105 zr\u00f3wnowa\u017conego rozwoju.<\/strong><\/p>\n<p>Produkcja odbywa si\u0119 bez emisji zanieczyszcze\u0144 do atmosfery: wszystkie procesy, od momentu przybycia surowc\u00f3w, przeprowadzane s\u0105 w cyklu zamkni\u0119tym; w ko\u0144cowej fazie pakowania ca\u0142e powietrze powsta\u0142e w procesie nalewania produktu do opakowania jest wychwytywane i &#8222;oczyszczane&#8221; przez zaawansowany system kriogeniczny, a nast\u0119pnie uwalniane do \u015brodowiska ca\u0142kowicie pozbawione lotnych zwi\u0105zk\u00f3w organicznych (LZO).<\/p>\n<p>Ekstremalna automatyzacja zak\u0142adu minimalizuje kontakt ludzi z instalacjami i urz\u0105dzeniami przemys\u0142owymi, tym samym znacznie zmniejszaj\u0105c ich nara\u017cenie na ewentualne wypadki.<\/p>\n","protected":false},"excerpt":{"rendered":"<p>&nbsp; Grupa IVM\u00a0 zawsze rozwija\u0142a swoj\u0105 dzia\u0142alno\u015b\u0107 zwracaj\u0105c sta\u0142\u0105 uwag\u0119\u00a0 na popraw\u0119 bezpiecze\u0144stwa, zdrowia i ochrony \u015brodowiska oraz zmniejszenie wp\u0142ywu swoich proces\u00f3w, produkt\u00f3w i proponowanych technologii na \u015brodowisko. Zarz\u0105d i wszyscy wsp\u00f3\u0142pracownicy Grupy s\u0105 \u015bwiadomi tego zobowi\u0105zania. W szczeg\u00f3lno\u015bci Grupa podejmuje nast\u0119puj\u0105ce dzia\u0142ania: dok\u0142adnie ocenia rzeczywisty lub potencjalny wp\u0142yw, jaki ca\u0142a jej dzia\u0142alno\u015b\u0107 produkcyjna i [&hellip;]<\/p>\n","protected":false},"author":5,"featured_media":0,"parent":0,"menu_order":60,"comment_status":"closed","ping_status":"closed","template":"","meta":{"_et_pb_use_builder":"","_et_pb_old_content":"","_et_gb_content_width":"","footnotes":""},"class_list":["post-10664","page","type-page","status-publish","hentry"],"yoast_head":"<!-- This site is optimized with the Yoast SEO plugin v27.3 - https:\/\/yoast.com\/product\/yoast-seo-wordpress\/ -->\n<title>Nasze Zaanga\u017cowanie na rzecz \u015arodowiska naturalnego - Milesi<\/title>\n<meta name=\"robots\" content=\"noindex, follow\" \/>\n<meta property=\"og:locale\" content=\"pl_PL\" \/>\n<meta property=\"og:type\" content=\"article\" \/>\n<meta property=\"og:title\" content=\"Nasze Zaanga\u017cowanie na rzecz \u015arodowiska naturalnego - Milesi\" \/>\n<meta property=\"og:description\" content=\"&nbsp; Grupa IVM\u00a0 zawsze rozwija\u0142a swoj\u0105 dzia\u0142alno\u015b\u0107 zwracaj\u0105c sta\u0142\u0105 uwag\u0119\u00a0 na popraw\u0119 bezpiecze\u0144stwa, zdrowia i ochrony \u015brodowiska oraz zmniejszenie wp\u0142ywu swoich proces\u00f3w, produkt\u00f3w i proponowanych technologii na \u015brodowisko. Zarz\u0105d i wszyscy wsp\u00f3\u0142pracownicy Grupy s\u0105 \u015bwiadomi tego zobowi\u0105zania. W szczeg\u00f3lno\u015bci Grupa podejmuje nast\u0119puj\u0105ce dzia\u0142ania: dok\u0142adnie ocenia rzeczywisty lub potencjalny wp\u0142yw, jaki ca\u0142a jej dzia\u0142alno\u015b\u0107 produkcyjna i [&hellip;]\" \/>\n<meta property=\"og:url\" content=\"https:\/\/www.milesi.com\/pl\/nasze-zaangazowanie-na-rzecz-srodowiska-naturalnego\/\" \/>\n<meta property=\"og:site_name\" content=\"Milesi\" \/>\n<meta property=\"article:publisher\" content=\"https:\/\/www.facebook.com\/MilesiVernici\" \/>\n<meta property=\"article:modified_time\" content=\"2025-04-15T15:53:04+00:00\" \/>\n<meta property=\"og:image\" content=\"https:\/\/www.milesi.com\/wp-content\/uploads\/2021\/02\/Ambiente-quadrata-ombra-2-1024x1024.jpg\" \/>\n<meta name=\"twitter:card\" content=\"summary_large_image\" \/>\n<meta name=\"twitter:label1\" content=\"Szacowany czas czytania\" \/>\n\t<meta name=\"twitter:data1\" content=\"1 minuta\" \/>\n<script type=\"application\/ld+json\" class=\"yoast-schema-graph\">{\"@context\":\"https:\\\/\\\/schema.org\",\"@graph\":[{\"@type\":\"WebPage\",\"@id\":\"https:\\\/\\\/www.milesi.com\\\/pl\\\/nasze-zaangazowanie-na-rzecz-srodowiska-naturalnego\\\/\",\"url\":\"https:\\\/\\\/www.milesi.com\\\/pl\\\/nasze-zaangazowanie-na-rzecz-srodowiska-naturalnego\\\/\",\"name\":\"Nasze Zaanga\u017cowanie na rzecz \u015arodowiska naturalnego - Milesi\",\"isPartOf\":{\"@id\":\"https:\\\/\\\/www.milesi.com\\\/pl\\\/#website\"},\"primaryImageOfPage\":{\"@id\":\"https:\\\/\\\/www.milesi.com\\\/pl\\\/nasze-zaangazowanie-na-rzecz-srodowiska-naturalnego\\\/#primaryimage\"},\"image\":{\"@id\":\"https:\\\/\\\/www.milesi.com\\\/pl\\\/nasze-zaangazowanie-na-rzecz-srodowiska-naturalnego\\\/#primaryimage\"},\"thumbnailUrl\":\"https:\\\/\\\/www.milesi.com\\\/wp-content\\\/uploads\\\/2021\\\/02\\\/Ambiente-quadrata-ombra-2-1024x1024.jpg\",\"datePublished\":\"2020-09-25T15:38:04+00:00\",\"dateModified\":\"2025-04-15T15:53:04+00:00\",\"breadcrumb\":{\"@id\":\"https:\\\/\\\/www.milesi.com\\\/pl\\\/nasze-zaangazowanie-na-rzecz-srodowiska-naturalnego\\\/#breadcrumb\"},\"inLanguage\":\"pl-PL\",\"potentialAction\":[{\"@type\":\"ReadAction\",\"target\":[\"https:\\\/\\\/www.milesi.com\\\/pl\\\/nasze-zaangazowanie-na-rzecz-srodowiska-naturalnego\\\/\"]}]},{\"@type\":\"ImageObject\",\"inLanguage\":\"pl-PL\",\"@id\":\"https:\\\/\\\/www.milesi.com\\\/pl\\\/nasze-zaangazowanie-na-rzecz-srodowiska-naturalnego\\\/#primaryimage\",\"url\":\"https:\\\/\\\/www.milesi.com\\\/wp-content\\\/uploads\\\/2021\\\/02\\\/Ambiente-quadrata-ombra-2-1024x1024.jpg\",\"contentUrl\":\"https:\\\/\\\/www.milesi.com\\\/wp-content\\\/uploads\\\/2021\\\/02\\\/Ambiente-quadrata-ombra-2-1024x1024.jpg\"},{\"@type\":\"BreadcrumbList\",\"@id\":\"https:\\\/\\\/www.milesi.com\\\/pl\\\/nasze-zaangazowanie-na-rzecz-srodowiska-naturalnego\\\/#breadcrumb\",\"itemListElement\":[{\"@type\":\"ListItem\",\"position\":1,\"name\":\"Milesi - Lakiery do drewna\",\"item\":\"https:\\\/\\\/www.milesi.com\\\/pl\\\/\"},{\"@type\":\"ListItem\",\"position\":2,\"name\":\"Nasze Zaanga\u017cowanie na rzecz \u015arodowiska naturalnego\"}]},{\"@type\":\"WebSite\",\"@id\":\"https:\\\/\\\/www.milesi.com\\\/pl\\\/#website\",\"url\":\"https:\\\/\\\/www.milesi.com\\\/pl\\\/\",\"name\":\"Milesi Vernici per il legno\",\"description\":\"Lakiery do drewna\",\"publisher\":{\"@id\":\"https:\\\/\\\/www.milesi.com\\\/pl\\\/#organization\"},\"alternateName\":\"Milesi\",\"potentialAction\":[{\"@type\":\"SearchAction\",\"target\":{\"@type\":\"EntryPoint\",\"urlTemplate\":\"https:\\\/\\\/www.milesi.com\\\/pl\\\/?s={search_term_string}\"},\"query-input\":{\"@type\":\"PropertyValueSpecification\",\"valueRequired\":true,\"valueName\":\"search_term_string\"}}],\"inLanguage\":\"pl-PL\"},{\"@type\":\"Organization\",\"@id\":\"https:\\\/\\\/www.milesi.com\\\/pl\\\/#organization\",\"name\":\"Milesi Vernici\",\"alternateName\":\"Milesi\",\"url\":\"https:\\\/\\\/www.milesi.com\\\/pl\\\/\",\"logo\":{\"@type\":\"ImageObject\",\"inLanguage\":\"pl-PL\",\"@id\":\"https:\\\/\\\/www.milesi.com\\\/pl\\\/#\\\/schema\\\/logo\\\/image\\\/\",\"url\":\"https:\\\/\\\/www.milesi.com\\\/wp-content\\\/uploads\\\/2022\\\/12\\\/milesi-web.png\",\"contentUrl\":\"https:\\\/\\\/www.milesi.com\\\/wp-content\\\/uploads\\\/2022\\\/12\\\/milesi-web.png\",\"width\":100,\"height\":101,\"caption\":\"Milesi Vernici\"},\"image\":{\"@id\":\"https:\\\/\\\/www.milesi.com\\\/pl\\\/#\\\/schema\\\/logo\\\/image\\\/\"},\"sameAs\":[\"https:\\\/\\\/www.facebook.com\\\/MilesiVernici\",\"https:\\\/\\\/www.youtube.com\\\/channel\\\/UCgULN6yzPgE9usmMi3CP5hQ\",\"https:\\\/\\\/www.instagram.com\\\/milesiverniciperlegno\\\/\",\"https:\\\/\\\/vimeo.com\\\/user117001108\",\"https:\\\/\\\/www.linkedin.com\\\/company\\\/milesiwoodcoatings\\\/\"]}]}<\/script>\n<!-- \/ Yoast SEO plugin. -->","yoast_head_json":{"title":"Nasze Zaanga\u017cowanie na rzecz \u015arodowiska naturalnego - Milesi","robots":{"index":"noindex","follow":"follow"},"og_locale":"pl_PL","og_type":"article","og_title":"Nasze Zaanga\u017cowanie na rzecz \u015arodowiska naturalnego - Milesi","og_description":"&nbsp; Grupa IVM\u00a0 zawsze rozwija\u0142a swoj\u0105 dzia\u0142alno\u015b\u0107 zwracaj\u0105c sta\u0142\u0105 uwag\u0119\u00a0 na popraw\u0119 bezpiecze\u0144stwa, zdrowia i ochrony \u015brodowiska oraz zmniejszenie wp\u0142ywu swoich proces\u00f3w, produkt\u00f3w i proponowanych technologii na \u015brodowisko. Zarz\u0105d i wszyscy wsp\u00f3\u0142pracownicy Grupy s\u0105 \u015bwiadomi tego zobowi\u0105zania. W szczeg\u00f3lno\u015bci Grupa podejmuje nast\u0119puj\u0105ce dzia\u0142ania: dok\u0142adnie ocenia rzeczywisty lub potencjalny wp\u0142yw, jaki ca\u0142a jej dzia\u0142alno\u015b\u0107 produkcyjna i [&hellip;]","og_url":"https:\/\/www.milesi.com\/pl\/nasze-zaangazowanie-na-rzecz-srodowiska-naturalnego\/","og_site_name":"Milesi","article_publisher":"https:\/\/www.facebook.com\/MilesiVernici","article_modified_time":"2025-04-15T15:53:04+00:00","og_image":[{"url":"https:\/\/www.milesi.com\/wp-content\/uploads\/2021\/02\/Ambiente-quadrata-ombra-2-1024x1024.jpg","type":"","width":"","height":""}],"twitter_card":"summary_large_image","twitter_misc":{"Szacowany czas czytania":"1 minuta"},"schema":{"@context":"https:\/\/schema.org","@graph":[{"@type":"WebPage","@id":"https:\/\/www.milesi.com\/pl\/nasze-zaangazowanie-na-rzecz-srodowiska-naturalnego\/","url":"https:\/\/www.milesi.com\/pl\/nasze-zaangazowanie-na-rzecz-srodowiska-naturalnego\/","name":"Nasze Zaanga\u017cowanie na rzecz \u015arodowiska naturalnego - Milesi","isPartOf":{"@id":"https:\/\/www.milesi.com\/pl\/#website"},"primaryImageOfPage":{"@id":"https:\/\/www.milesi.com\/pl\/nasze-zaangazowanie-na-rzecz-srodowiska-naturalnego\/#primaryimage"},"image":{"@id":"https:\/\/www.milesi.com\/pl\/nasze-zaangazowanie-na-rzecz-srodowiska-naturalnego\/#primaryimage"},"thumbnailUrl":"https:\/\/www.milesi.com\/wp-content\/uploads\/2021\/02\/Ambiente-quadrata-ombra-2-1024x1024.jpg","datePublished":"2020-09-25T15:38:04+00:00","dateModified":"2025-04-15T15:53:04+00:00","breadcrumb":{"@id":"https:\/\/www.milesi.com\/pl\/nasze-zaangazowanie-na-rzecz-srodowiska-naturalnego\/#breadcrumb"},"inLanguage":"pl-PL","potentialAction":[{"@type":"ReadAction","target":["https:\/\/www.milesi.com\/pl\/nasze-zaangazowanie-na-rzecz-srodowiska-naturalnego\/"]}]},{"@type":"ImageObject","inLanguage":"pl-PL","@id":"https:\/\/www.milesi.com\/pl\/nasze-zaangazowanie-na-rzecz-srodowiska-naturalnego\/#primaryimage","url":"https:\/\/www.milesi.com\/wp-content\/uploads\/2021\/02\/Ambiente-quadrata-ombra-2-1024x1024.jpg","contentUrl":"https:\/\/www.milesi.com\/wp-content\/uploads\/2021\/02\/Ambiente-quadrata-ombra-2-1024x1024.jpg"},{"@type":"BreadcrumbList","@id":"https:\/\/www.milesi.com\/pl\/nasze-zaangazowanie-na-rzecz-srodowiska-naturalnego\/#breadcrumb","itemListElement":[{"@type":"ListItem","position":1,"name":"Milesi - Lakiery do drewna","item":"https:\/\/www.milesi.com\/pl\/"},{"@type":"ListItem","position":2,"name":"Nasze Zaanga\u017cowanie na rzecz \u015arodowiska naturalnego"}]},{"@type":"WebSite","@id":"https:\/\/www.milesi.com\/pl\/#website","url":"https:\/\/www.milesi.com\/pl\/","name":"Milesi Vernici per il legno","description":"Lakiery do drewna","publisher":{"@id":"https:\/\/www.milesi.com\/pl\/#organization"},"alternateName":"Milesi","potentialAction":[{"@type":"SearchAction","target":{"@type":"EntryPoint","urlTemplate":"https:\/\/www.milesi.com\/pl\/?s={search_term_string}"},"query-input":{"@type":"PropertyValueSpecification","valueRequired":true,"valueName":"search_term_string"}}],"inLanguage":"pl-PL"},{"@type":"Organization","@id":"https:\/\/www.milesi.com\/pl\/#organization","name":"Milesi Vernici","alternateName":"Milesi","url":"https:\/\/www.milesi.com\/pl\/","logo":{"@type":"ImageObject","inLanguage":"pl-PL","@id":"https:\/\/www.milesi.com\/pl\/#\/schema\/logo\/image\/","url":"https:\/\/www.milesi.com\/wp-content\/uploads\/2022\/12\/milesi-web.png","contentUrl":"https:\/\/www.milesi.com\/wp-content\/uploads\/2022\/12\/milesi-web.png","width":100,"height":101,"caption":"Milesi Vernici"},"image":{"@id":"https:\/\/www.milesi.com\/pl\/#\/schema\/logo\/image\/"},"sameAs":["https:\/\/www.facebook.com\/MilesiVernici","https:\/\/www.youtube.com\/channel\/UCgULN6yzPgE9usmMi3CP5hQ","https:\/\/www.instagram.com\/milesiverniciperlegno\/","https:\/\/vimeo.com\/user117001108","https:\/\/www.linkedin.com\/company\/milesiwoodcoatings\/"]}]}},"_links":{"self":[{"href":"https:\/\/www.milesi.com\/pl\/wp-json\/wp\/v2\/pages\/10664","targetHints":{"allow":["GET"]}}],"collection":[{"href":"https:\/\/www.milesi.com\/pl\/wp-json\/wp\/v2\/pages"}],"about":[{"href":"https:\/\/www.milesi.com\/pl\/wp-json\/wp\/v2\/types\/page"}],"author":[{"embeddable":true,"href":"https:\/\/www.milesi.com\/pl\/wp-json\/wp\/v2\/users\/5"}],"replies":[{"embeddable":true,"href":"https:\/\/www.milesi.com\/pl\/wp-json\/wp\/v2\/comments?post=10664"}],"version-history":[{"count":1,"href":"https:\/\/www.milesi.com\/pl\/wp-json\/wp\/v2\/pages\/10664\/revisions"}],"predecessor-version":[{"id":26681,"href":"https:\/\/www.milesi.com\/pl\/wp-json\/wp\/v2\/pages\/10664\/revisions\/26681"}],"wp:attachment":[{"href":"https:\/\/www.milesi.com\/pl\/wp-json\/wp\/v2\/media?parent=10664"}],"curies":[{"name":"wp","href":"https:\/\/api.w.org\/{rel}","templated":true}]}}