{"id":9511,"date":"2020-09-21T08:29:01","date_gmt":"2020-09-21T06:29:01","guid":{"rendered":"http:\/\/www.milesi.com\/?page_id=9511"},"modified":"2021-02-26T10:17:45","modified_gmt":"2021-02-26T09:17:45","slug":"nasze-poczatki","status":"publish","type":"page","link":"https:\/\/www.milesi.com\/pl\/nasze-poczatki\/","title":{"rendered":"Nasza Historia"},"content":{"rendered":"\r\n<div class=\"wp-block-image\">\r\n<figure class=\"alignleft size-large is-resized\"><img loading=\"lazy\" decoding=\"async\" class=\"wp-image-9568\" src=\"https:\/\/www.milesi.com\/wp-content\/uploads\/2020\/08\/FotoStorica_latte_bordoRD-1.jpg\" alt=\"\" width=\"477\" height=\"291\" \/><\/figure>\r\n<\/div>\r\n\r\n\r\n\r\n<p><strong><sub>Miles<\/sub><\/strong><sub>i to marka <strong>mi\u0119dzynarodowej <a href=\"http:\/\/www.ivmgroup.com\" target=\"_blank\" rel=\"noopener\">grupy IVM<\/a><\/strong>, jednej z najwi\u0119kszych i najwa\u017cniejszych w Europie i na \u015bwiecie, specjalizuj\u0105cej si\u0119 w lakierach do drewna i sektora wyposa\u017cenia wn\u0119trz.<\/sub><br \/><sub>Nasza historia rozpocz\u0119\u0142a si\u0119 1947 r.<\/sub><br \/><br \/><\/p>\r\n\r\n\r\n\r\n<p><strong>1947 \u2013 1970<\/strong><br \/>Produkcj\u0119 lakier\u00f3w Milesi zapocz\u0105tkowano w 1947 roku w Mediolanie, w regionie znanym na ca\u0142ym \u015bwiecie od ko\u0144ca XVIII wieku, z doskona\u0142o\u015bci w bran\u017cy drzewno-meblarskiej.<br \/>W latach 1945-1960 W\u0142ochy przewodzi\u0142y wielkiemu rozwojowi przemys\u0142u meblarskiego na poziomie europejskim: ma\u0142e przedsi\u0119biorstwa rzemie\u015blnicze zosta\u0142y przekszta\u0142cone w nowoczesny przemys\u0142, a dzi\u0119ki jednoczesnemu zachowaniu g\u0142\u0119bokiej dba\u0142o\u015bci o jako\u015b\u0107 i szczeg\u00f3\u0142y bran\u017ca odnios\u0142a mi\u0119dzynarodowy sukces. \u0141\u0105cz\u0105c umiej\u0119tno\u015bci techniczne z projektowymi i wsp\u00f3\u0142pracuj\u0105c z wybitnymi architektami i projektantami tworzy\u0142a meble, akcesoria i przedmioty, kt\u00f3re odcisn\u0119\u0142y pi\u0119tno na historii wzornictwa przemys\u0142owego.<br \/>W takiej rzeczywisto\u015bci Milesi zapuszcza korzenie. Nieustannie wspiera r\u00f3\u017cne formy przedsi\u0119biorczo\u015bci w sektorze mebli drewnianych, by lepiej rozumie\u0107 potrzeby i oczekiwania rynku. Wspiera wiele firm w ich rozwoju, tworz\u0105c innowacyjne produkty do ochrony i uszlachetniania drewna. Dba o\u00a0 uproszczenie procesu lakierowania\u00a0 sprawiaj\u0105c, \u017ce staje si\u0119 on wydajniejszy i szybszy.\u00a0 Wk\u0142ad w rozpowszechnianie renomy w\u0142oskiego przemys\u0142u meblarskiego na \u015bwiecie jest powodem do wielkiej dumy.<br \/>Ci\u0105g\u0142e\u00a0 odpowiadanie potrzebom tak wymagaj\u0105cych reali\u00f3w rynku, wesp\u00f3\u0142 z relacjami z architektami i projektantami, maj\u0105 fundamentalne znaczenie dla sukcesu Milesi.<br \/><br \/><\/p>\r\n\r\n\r\n\r\n\r\n\r\n\r\n\r\n<p><strong><img loading=\"lazy\" decoding=\"async\" class=\"wp-image-12185 alignright\" src=\"https:\/\/www.milesi.com\/wp-content\/uploads\/2021\/01\/FotoStorica_x2_bw_web-816x1024.jpg\" alt=\"\" width=\"502\" height=\"630\" srcset=\"https:\/\/www.milesi.com\/wp-content\/uploads\/2021\/01\/FotoStorica_x2_bw_web-816x1024.jpg 816w, https:\/\/www.milesi.com\/wp-content\/uploads\/2021\/01\/FotoStorica_x2_bw_web-600x753.jpg 600w, https:\/\/www.milesi.com\/wp-content\/uploads\/2021\/01\/FotoStorica_x2_bw_web-239x300.jpg 239w, https:\/\/www.milesi.com\/wp-content\/uploads\/2021\/01\/FotoStorica_x2_bw_web-768x964.jpg 768w, https:\/\/www.milesi.com\/wp-content\/uploads\/2021\/01\/FotoStorica_x2_bw_web-19x24.jpg 19w, https:\/\/www.milesi.com\/wp-content\/uploads\/2021\/01\/FotoStorica_x2_bw_web-29x36.jpg 29w, https:\/\/www.milesi.com\/wp-content\/uploads\/2021\/01\/FotoStorica_x2_bw_web-204x256.jpg 204w, https:\/\/www.milesi.com\/wp-content\/uploads\/2021\/01\/FotoStorica_x2_bw_web.jpg 823w\" sizes=\"(max-width: 502px) 100vw, 502px\" \/>1970<\/strong><br \/>W 1970 roku zosta\u0142a za\u0142o\u017cona &#8211; przez pozostaj\u0105cych w relacjach rodzinnych \u00f3wczesnych w\u0142a\u015bcicieli Milesi S.p.A.: <strong>Adriano Teso<\/strong> i <strong>Massimo Milesi<\/strong> &#8211; Grupa IVM. Powstaniu Grupy przy\u015bwieca\u0142 cel rozwoju dzia\u0142alno\u015bci w sektorze chemicznym i racjonalizacji akcjonariatu.<br \/>Od momentu powstania Grupa IVM zawsze zachowywa\u0142a t\u0119 sam\u0105 form\u0119 i struktur\u0119 w\u0142a\u015bcicielsk\u0105. Wynikaj\u0105ca z tego stabilno\u015b\u0107 kierowania i zarz\u0105dzania da\u0142a pocz\u0105tek organizacji z\u0142o\u017conej z czo\u0142owych ekspert\u00f3w w dziedzinie lakier\u00f3w do drewna i sektora wyposa\u017cenia wn\u0119trz. Obecnie przewodzi jej wnuczka za\u0142o\u017cyciela <strong>Guglielmo Milesi<\/strong> &#8211; Pani <strong>Federica Teso<\/strong>.<\/p>\r\n\r\n\r\n\r\n\r\n\r\n\r\n\r\n<p>&nbsp;<\/p>\r\n<p style=\"text-align: left;\"><strong>1971<\/strong><br \/>Pocz\u0105tek ekspancji mi\u0119dzynarodowej IVM nast\u0119puje w roku 1971. Za\u015b w roku 1975, powstaje pierwsza sp\u00f3\u0142ki Grupy zajmuj\u0105ca si\u0119 dystrybucj\u0105 produkt\u00f3w i us\u0142ug Milesi w krajach innych ni\u017c W\u0142ochy &#8211; Milesi Francja.<br \/>Nast\u0119pnie zak\u0142adane s\u0105 firmy:<br \/>Industrias Qu\u00edmicas IVM S.A. Torrent (Valencia)\u00a0 Hiszpania rok 1994<br \/>IVM Chemicals GmbH w Herrenberg\u00a0 Niemcy\u00a0 rok 1990<br \/>Milesi Vernici Hellas Srl w Atenach\u00a0 Grecja rok 2001<br \/>IVM Chemicals Sp. z o.o.\u00a0 w Warszawie\u00a0 Polska rok 2007<br \/>Aby zaoferowa\u0107 kompletne rozwi\u0105zania dla \u015bwiata mebli i sektora wyposa\u017cenia wn\u0119trz, Milesi postanawia z czasem zintegrowa\u0107 swoj\u0105 gam\u0119 lakier\u00f3w\u00a0 do drewna &#8211; bran\u017cy, w kt\u00f3rej si\u0119 specjalizuje &#8211; z produktami do powlekania papieru, PCV i tworzyw sztucznych, metali, druku cyfrowego, szk\u0142a i marmuru.<\/p>\r\n\r\n\r\n\r\n\r\n\r\n\r\n\r\n<p><strong>2001<\/strong><br \/>W 2001 roku IVM Group zbudowa\u0142a, na powierzchni ponad 15 hektar\u00f3w, ultranowoczesn\u0105 fabryk\u0119 w Paronie w prowincji Pavia we W\u0142oszech. Jest to jedna z najnowocze\u015bniejszych, innowacyjnych i najwa\u017cniejszych fabryk do produkcji lakier\u00f3w na \u015bwiecie pod wzgl\u0119dem wielko\u015bci konstrukcji architektonicznej\u00a0 oraz skali produkcji odbywaj\u0105cej si\u0119 przy zastosowaniu certyfikowanych proces\u00f3w gwarantuj\u0105cych jako\u015b\u0107 i ci\u0105g\u0142o\u015b\u0107 produkcji.<\/p>\r\n\r\n\r\n\r\n<p>&nbsp;<\/p>\r\n<p><strong>2015<\/strong><br \/>Powo\u0142anie IVM Chemicals Inc. z siedzib\u0105 w Chicago ma na celu zaoferowanie u\u017cytkownikom w USA i Kanadzie produkt\u00f3w i know-how, kt\u00f3re uczyni\u0142y Milesi mark\u0105 referencyjn\u0105 w dziedzinie lakier\u00f3w do drewna i sektora wyposa\u017cenia wn\u0119trz.<\/p>\r\n<p>&nbsp;<\/p>\r\n<p><img loading=\"lazy\" decoding=\"async\" class=\"size-large wp-image-13231 aligncenter\" src=\"https:\/\/www.milesi.com\/wp-content\/uploads\/2021\/02\/IVM-Group-1024x342.jpg\" alt=\"\" width=\"1024\" height=\"342\" srcset=\"https:\/\/www.milesi.com\/wp-content\/uploads\/2021\/02\/IVM-Group-1024x342.jpg 1024w, https:\/\/www.milesi.com\/wp-content\/uploads\/2021\/02\/IVM-Group-600x200.jpg 600w, https:\/\/www.milesi.com\/wp-content\/uploads\/2021\/02\/IVM-Group-300x100.jpg 300w, https:\/\/www.milesi.com\/wp-content\/uploads\/2021\/02\/IVM-Group-768x257.jpg 768w, https:\/\/www.milesi.com\/wp-content\/uploads\/2021\/02\/IVM-Group-24x8.jpg 24w, https:\/\/www.milesi.com\/wp-content\/uploads\/2021\/02\/IVM-Group-36x12.jpg 36w, https:\/\/www.milesi.com\/wp-content\/uploads\/2021\/02\/IVM-Group-256x86.jpg 256w, https:\/\/www.milesi.com\/wp-content\/uploads\/2021\/02\/IVM-Group.jpg 1500w\" sizes=\"(max-width: 1024px) 100vw, 1024px\" \/><\/p>\r\n","protected":false},"excerpt":{"rendered":"<p>Milesi to marka mi\u0119dzynarodowej grupy IVM, jednej z najwi\u0119kszych i najwa\u017cniejszych w Europie i na \u015bwiecie, specjalizuj\u0105cej si\u0119 w lakierach do drewna i sektora wyposa\u017cenia wn\u0119trz.Nasza historia rozpocz\u0119\u0142a si\u0119 1947 r. 1947 \u2013 1970Produkcj\u0119 lakier\u00f3w Milesi zapocz\u0105tkowano w 1947 roku w Mediolanie, w regionie znanym na ca\u0142ym \u015bwiecie od ko\u0144ca XVIII wieku, z doskona\u0142o\u015bci w [&hellip;]<\/p>\n","protected":false},"author":5,"featured_media":9568,"parent":0,"menu_order":80,"comment_status":"closed","ping_status":"closed","template":"","meta":{"_et_pb_use_builder":"off","_et_pb_old_content":"","_et_gb_content_width":"","footnotes":""},"class_list":["post-9511","page","type-page","status-publish","has-post-thumbnail","hentry"],"yoast_head":"<!-- This site is optimized with the Yoast SEO plugin v27.3 - https:\/\/yoast.com\/product\/yoast-seo-wordpress\/ -->\n<title>Nasza Historia - Milesi<\/title>\n<meta name=\"robots\" content=\"index, follow, max-snippet:-1, max-image-preview:large, max-video-preview:-1\" \/>\n<link rel=\"canonical\" href=\"https:\/\/www.milesi.com\/pl\/nasze-poczatki\/\" \/>\n<meta property=\"og:locale\" content=\"pl_PL\" \/>\n<meta property=\"og:type\" content=\"article\" \/>\n<meta property=\"og:title\" content=\"Nasza Historia - Milesi\" \/>\n<meta property=\"og:description\" content=\"Milesi to marka mi\u0119dzynarodowej grupy IVM, jednej z najwi\u0119kszych i najwa\u017cniejszych w Europie i na \u015bwiecie, specjalizuj\u0105cej si\u0119 w lakierach do drewna i sektora wyposa\u017cenia wn\u0119trz.Nasza historia rozpocz\u0119\u0142a si\u0119 1947 r. 1947 \u2013 1970Produkcj\u0119 lakier\u00f3w Milesi zapocz\u0105tkowano w 1947 roku w Mediolanie, w regionie znanym na ca\u0142ym \u015bwiecie od ko\u0144ca XVIII wieku, z doskona\u0142o\u015bci w [&hellip;]\" \/>\n<meta property=\"og:url\" content=\"https:\/\/www.milesi.com\/pl\/nasze-poczatki\/\" \/>\n<meta property=\"og:site_name\" content=\"Milesi\" \/>\n<meta property=\"article:publisher\" content=\"https:\/\/www.facebook.com\/MilesiVernici\" \/>\n<meta property=\"article:modified_time\" content=\"2021-02-26T09:17:45+00:00\" \/>\n<meta property=\"og:image\" content=\"https:\/\/www.milesi.com\/wp-content\/uploads\/2020\/08\/FotoStorica_latte_bordoRD-1.jpg\" \/>\n\t<meta property=\"og:image:width\" content=\"388\" \/>\n\t<meta property=\"og:image:height\" content=\"237\" \/>\n\t<meta property=\"og:image:type\" content=\"image\/jpeg\" \/>\n<meta name=\"twitter:card\" content=\"summary_large_image\" \/>\n<meta name=\"twitter:label1\" content=\"Szacowany czas czytania\" \/>\n\t<meta name=\"twitter:data1\" content=\"3 minuty\" \/>\n<script type=\"application\/ld+json\" class=\"yoast-schema-graph\">{\"@context\":\"https:\\\/\\\/schema.org\",\"@graph\":[{\"@type\":\"WebPage\",\"@id\":\"https:\\\/\\\/www.milesi.com\\\/pl\\\/nasze-poczatki\\\/\",\"url\":\"https:\\\/\\\/www.milesi.com\\\/pl\\\/nasze-poczatki\\\/\",\"name\":\"Nasza Historia - Milesi\",\"isPartOf\":{\"@id\":\"https:\\\/\\\/www.milesi.com\\\/pl\\\/#website\"},\"primaryImageOfPage\":{\"@id\":\"https:\\\/\\\/www.milesi.com\\\/pl\\\/nasze-poczatki\\\/#primaryimage\"},\"image\":{\"@id\":\"https:\\\/\\\/www.milesi.com\\\/pl\\\/nasze-poczatki\\\/#primaryimage\"},\"thumbnailUrl\":\"https:\\\/\\\/www.milesi.com\\\/wp-content\\\/uploads\\\/2020\\\/08\\\/FotoStorica_latte_bordoRD-1.jpg\",\"datePublished\":\"2020-09-21T06:29:01+00:00\",\"dateModified\":\"2021-02-26T09:17:45+00:00\",\"breadcrumb\":{\"@id\":\"https:\\\/\\\/www.milesi.com\\\/pl\\\/nasze-poczatki\\\/#breadcrumb\"},\"inLanguage\":\"pl-PL\",\"potentialAction\":[{\"@type\":\"ReadAction\",\"target\":[\"https:\\\/\\\/www.milesi.com\\\/pl\\\/nasze-poczatki\\\/\"]}]},{\"@type\":\"ImageObject\",\"inLanguage\":\"pl-PL\",\"@id\":\"https:\\\/\\\/www.milesi.com\\\/pl\\\/nasze-poczatki\\\/#primaryimage\",\"url\":\"https:\\\/\\\/www.milesi.com\\\/wp-content\\\/uploads\\\/2020\\\/08\\\/FotoStorica_latte_bordoRD-1.jpg\",\"contentUrl\":\"https:\\\/\\\/www.milesi.com\\\/wp-content\\\/uploads\\\/2020\\\/08\\\/FotoStorica_latte_bordoRD-1.jpg\",\"width\":388,\"height\":237,\"caption\":\"Vernici per legno Milesi in latte d\u2019epoca\"},{\"@type\":\"BreadcrumbList\",\"@id\":\"https:\\\/\\\/www.milesi.com\\\/pl\\\/nasze-poczatki\\\/#breadcrumb\",\"itemListElement\":[{\"@type\":\"ListItem\",\"position\":1,\"name\":\"Milesi - Lakiery do drewna\",\"item\":\"https:\\\/\\\/www.milesi.com\\\/pl\\\/\"},{\"@type\":\"ListItem\",\"position\":2,\"name\":\"Nasza Historia\"}]},{\"@type\":\"WebSite\",\"@id\":\"https:\\\/\\\/www.milesi.com\\\/pl\\\/#website\",\"url\":\"https:\\\/\\\/www.milesi.com\\\/pl\\\/\",\"name\":\"Milesi Vernici per il legno\",\"description\":\"Lakiery do drewna\",\"publisher\":{\"@id\":\"https:\\\/\\\/www.milesi.com\\\/pl\\\/#organization\"},\"alternateName\":\"Milesi\",\"potentialAction\":[{\"@type\":\"SearchAction\",\"target\":{\"@type\":\"EntryPoint\",\"urlTemplate\":\"https:\\\/\\\/www.milesi.com\\\/pl\\\/?s={search_term_string}\"},\"query-input\":{\"@type\":\"PropertyValueSpecification\",\"valueRequired\":true,\"valueName\":\"search_term_string\"}}],\"inLanguage\":\"pl-PL\"},{\"@type\":\"Organization\",\"@id\":\"https:\\\/\\\/www.milesi.com\\\/pl\\\/#organization\",\"name\":\"Milesi Vernici\",\"alternateName\":\"Milesi\",\"url\":\"https:\\\/\\\/www.milesi.com\\\/pl\\\/\",\"logo\":{\"@type\":\"ImageObject\",\"inLanguage\":\"pl-PL\",\"@id\":\"https:\\\/\\\/www.milesi.com\\\/pl\\\/#\\\/schema\\\/logo\\\/image\\\/\",\"url\":\"https:\\\/\\\/www.milesi.com\\\/wp-content\\\/uploads\\\/2022\\\/12\\\/milesi-web.png\",\"contentUrl\":\"https:\\\/\\\/www.milesi.com\\\/wp-content\\\/uploads\\\/2022\\\/12\\\/milesi-web.png\",\"width\":100,\"height\":101,\"caption\":\"Milesi Vernici\"},\"image\":{\"@id\":\"https:\\\/\\\/www.milesi.com\\\/pl\\\/#\\\/schema\\\/logo\\\/image\\\/\"},\"sameAs\":[\"https:\\\/\\\/www.facebook.com\\\/MilesiVernici\",\"https:\\\/\\\/www.youtube.com\\\/channel\\\/UCgULN6yzPgE9usmMi3CP5hQ\",\"https:\\\/\\\/www.instagram.com\\\/milesiverniciperlegno\\\/\",\"https:\\\/\\\/vimeo.com\\\/user117001108\",\"https:\\\/\\\/www.linkedin.com\\\/company\\\/milesiwoodcoatings\\\/\"]}]}<\/script>\n<!-- \/ Yoast SEO plugin. -->","yoast_head_json":{"title":"Nasza Historia - Milesi","robots":{"index":"index","follow":"follow","max-snippet":"max-snippet:-1","max-image-preview":"max-image-preview:large","max-video-preview":"max-video-preview:-1"},"canonical":"https:\/\/www.milesi.com\/pl\/nasze-poczatki\/","og_locale":"pl_PL","og_type":"article","og_title":"Nasza Historia - Milesi","og_description":"Milesi to marka mi\u0119dzynarodowej grupy IVM, jednej z najwi\u0119kszych i najwa\u017cniejszych w Europie i na \u015bwiecie, specjalizuj\u0105cej si\u0119 w lakierach do drewna i sektora wyposa\u017cenia wn\u0119trz.Nasza historia rozpocz\u0119\u0142a si\u0119 1947 r. 1947 \u2013 1970Produkcj\u0119 lakier\u00f3w Milesi zapocz\u0105tkowano w 1947 roku w Mediolanie, w regionie znanym na ca\u0142ym \u015bwiecie od ko\u0144ca XVIII wieku, z doskona\u0142o\u015bci w [&hellip;]","og_url":"https:\/\/www.milesi.com\/pl\/nasze-poczatki\/","og_site_name":"Milesi","article_publisher":"https:\/\/www.facebook.com\/MilesiVernici","article_modified_time":"2021-02-26T09:17:45+00:00","og_image":[{"width":388,"height":237,"url":"https:\/\/www.milesi.com\/wp-content\/uploads\/2020\/08\/FotoStorica_latte_bordoRD-1.jpg","type":"image\/jpeg"}],"twitter_card":"summary_large_image","twitter_misc":{"Szacowany czas czytania":"3 minuty"},"schema":{"@context":"https:\/\/schema.org","@graph":[{"@type":"WebPage","@id":"https:\/\/www.milesi.com\/pl\/nasze-poczatki\/","url":"https:\/\/www.milesi.com\/pl\/nasze-poczatki\/","name":"Nasza Historia - Milesi","isPartOf":{"@id":"https:\/\/www.milesi.com\/pl\/#website"},"primaryImageOfPage":{"@id":"https:\/\/www.milesi.com\/pl\/nasze-poczatki\/#primaryimage"},"image":{"@id":"https:\/\/www.milesi.com\/pl\/nasze-poczatki\/#primaryimage"},"thumbnailUrl":"https:\/\/www.milesi.com\/wp-content\/uploads\/2020\/08\/FotoStorica_latte_bordoRD-1.jpg","datePublished":"2020-09-21T06:29:01+00:00","dateModified":"2021-02-26T09:17:45+00:00","breadcrumb":{"@id":"https:\/\/www.milesi.com\/pl\/nasze-poczatki\/#breadcrumb"},"inLanguage":"pl-PL","potentialAction":[{"@type":"ReadAction","target":["https:\/\/www.milesi.com\/pl\/nasze-poczatki\/"]}]},{"@type":"ImageObject","inLanguage":"pl-PL","@id":"https:\/\/www.milesi.com\/pl\/nasze-poczatki\/#primaryimage","url":"https:\/\/www.milesi.com\/wp-content\/uploads\/2020\/08\/FotoStorica_latte_bordoRD-1.jpg","contentUrl":"https:\/\/www.milesi.com\/wp-content\/uploads\/2020\/08\/FotoStorica_latte_bordoRD-1.jpg","width":388,"height":237,"caption":"Vernici per legno Milesi in latte d\u2019epoca"},{"@type":"BreadcrumbList","@id":"https:\/\/www.milesi.com\/pl\/nasze-poczatki\/#breadcrumb","itemListElement":[{"@type":"ListItem","position":1,"name":"Milesi - Lakiery do drewna","item":"https:\/\/www.milesi.com\/pl\/"},{"@type":"ListItem","position":2,"name":"Nasza Historia"}]},{"@type":"WebSite","@id":"https:\/\/www.milesi.com\/pl\/#website","url":"https:\/\/www.milesi.com\/pl\/","name":"Milesi Vernici per il legno","description":"Lakiery do drewna","publisher":{"@id":"https:\/\/www.milesi.com\/pl\/#organization"},"alternateName":"Milesi","potentialAction":[{"@type":"SearchAction","target":{"@type":"EntryPoint","urlTemplate":"https:\/\/www.milesi.com\/pl\/?s={search_term_string}"},"query-input":{"@type":"PropertyValueSpecification","valueRequired":true,"valueName":"search_term_string"}}],"inLanguage":"pl-PL"},{"@type":"Organization","@id":"https:\/\/www.milesi.com\/pl\/#organization","name":"Milesi Vernici","alternateName":"Milesi","url":"https:\/\/www.milesi.com\/pl\/","logo":{"@type":"ImageObject","inLanguage":"pl-PL","@id":"https:\/\/www.milesi.com\/pl\/#\/schema\/logo\/image\/","url":"https:\/\/www.milesi.com\/wp-content\/uploads\/2022\/12\/milesi-web.png","contentUrl":"https:\/\/www.milesi.com\/wp-content\/uploads\/2022\/12\/milesi-web.png","width":100,"height":101,"caption":"Milesi Vernici"},"image":{"@id":"https:\/\/www.milesi.com\/pl\/#\/schema\/logo\/image\/"},"sameAs":["https:\/\/www.facebook.com\/MilesiVernici","https:\/\/www.youtube.com\/channel\/UCgULN6yzPgE9usmMi3CP5hQ","https:\/\/www.instagram.com\/milesiverniciperlegno\/","https:\/\/vimeo.com\/user117001108","https:\/\/www.linkedin.com\/company\/milesiwoodcoatings\/"]}]}},"_links":{"self":[{"href":"https:\/\/www.milesi.com\/pl\/wp-json\/wp\/v2\/pages\/9511","targetHints":{"allow":["GET"]}}],"collection":[{"href":"https:\/\/www.milesi.com\/pl\/wp-json\/wp\/v2\/pages"}],"about":[{"href":"https:\/\/www.milesi.com\/pl\/wp-json\/wp\/v2\/types\/page"}],"author":[{"embeddable":true,"href":"https:\/\/www.milesi.com\/pl\/wp-json\/wp\/v2\/users\/5"}],"replies":[{"embeddable":true,"href":"https:\/\/www.milesi.com\/pl\/wp-json\/wp\/v2\/comments?post=9511"}],"version-history":[{"count":0,"href":"https:\/\/www.milesi.com\/pl\/wp-json\/wp\/v2\/pages\/9511\/revisions"}],"wp:featuredmedia":[{"embeddable":true,"href":"https:\/\/www.milesi.com\/pl\/wp-json\/wp\/v2\/media\/9568"}],"wp:attachment":[{"href":"https:\/\/www.milesi.com\/pl\/wp-json\/wp\/v2\/media?parent=9511"}],"curies":[{"name":"wp","href":"https:\/\/api.w.org\/{rel}","templated":true}]}}